{"id":17931,"date":"2025-11-07T17:56:47","date_gmt":"2025-11-07T17:56:47","guid":{"rendered":"https:\/\/drpascalmensah.com\/blog\/"},"modified":"2026-04-20T09:25:43","modified_gmt":"2026-04-20T09:25:43","slug":"blog","status":"publish","type":"page","link":"https:\/\/drpascalmensah.com\/es\/blog\/","title":{"rendered":"Blog"},"content":{"rendered":"\t\t<div data-elementor-type=\"wp-page\" data-elementor-id=\"17931\" class=\"elementor elementor-17931 elementor-9347\" data-elementor-post-type=\"page\">\n\t\t\t\t<div class=\"elementor-element elementor-element-4c78724 e-flex e-con-boxed e-con e-parent\" data-id=\"4c78724\" data-element_type=\"container\" data-e-type=\"container\">\n\t\t\t\t\t<div class=\"e-con-inner\">\n\t\t\t\t<div class=\"elementor-element elementor-element-ca3ea0a elementor-invisible elementor-widget elementor-widget-heading\" data-id=\"ca3ea0a\" data-element_type=\"widget\" data-e-type=\"widget\" data-settings=\"{&quot;_animation&quot;:&quot;fadeInUp&quot;}\" data-widget_type=\"heading.default\">\n\t\t\t\t\t<h2 class=\"elementor-heading-title elementor-size-default\">BLOG<\/h2>\t\t\t\t<\/div>\n\t\t\t\t<div class=\"elementor-element elementor-element-4e6e653 elementor-invisible elementor-widget elementor-widget-heading\" data-id=\"4e6e653\" data-element_type=\"widget\" data-e-type=\"widget\" data-settings=\"{&quot;_animation&quot;:&quot;fadeInUp&quot;}\" data-widget_type=\"heading.default\">\n\t\t\t\t\t<h2 class=\"elementor-heading-title elementor-size-default\">Novedades e Investigaci\u00f3n Inmunol\u00f3gica<\/h2>\t\t\t\t<\/div>\n\t\t\t\t<div class=\"elementor-element elementor-element-1cf9606 elementor-hidden-mobile elementor-hidden-tablet elementor-invisible elementor-widget elementor-widget-text-editor\" data-id=\"1cf9606\" data-element_type=\"widget\" data-e-type=\"widget\" data-settings=\"{&quot;_animation&quot;:&quot;fadeInUp&quot;,&quot;_animation_delay&quot;:150}\" data-widget_type=\"text-editor.default\">\n\t\t\t\t\t\t\t\t\t<p>\u00a1Explora las infinitas posibilidades del inmunometabolismo y potencia tu camino hacia la salud \u00f3ptima! Nuestro blog es tu puerta de entrada para descubrir las investigaciones m\u00e1s recientes sobre la poderosa sinergia entre nutrici\u00f3n e inmunidad. \u00danete a nosotros para descubrir el potencial transformador de la medicina traslacional. \u00a1Emprendamos juntos este viaje revelador! <\/p>\t\t\t\t\t\t\t\t<\/div>\n\t\t\t\t<div class=\"elementor-element elementor-element-fcaaf15 elementor-hidden-desktop elementor-invisible elementor-widget elementor-widget-text-editor\" data-id=\"fcaaf15\" data-element_type=\"widget\" data-e-type=\"widget\" data-settings=\"{&quot;_animation&quot;:&quot;fadeInUp&quot;,&quot;_animation_delay&quot;:150}\" data-widget_type=\"text-editor.default\">\n\t\t\t\t\t\t\t\t\t<p>\u00a1Explora las infinitas posibilidades del inmunometabolismo y potencia tu camino hacia la salud \u00f3ptima! Nuestro blog es tu puerta de entrada para descubrir las investigaciones m\u00e1s recientes sobre la poderosa sinergia entre nutrici\u00f3n e inmunidad.  <\/p>\t\t\t\t\t\t\t\t<\/div>\n\t\t\t\t<div class=\"elementor-element elementor-element-32bcacb elementor-invisible elementor-widget elementor-widget-heading\" data-id=\"32bcacb\" data-element_type=\"widget\" data-e-type=\"widget\" data-settings=\"{&quot;_animation&quot;:&quot;fadeInUp&quot;}\" data-widget_type=\"heading.default\">\n\t\t\t\t\t<h2 class=\"elementor-heading-title elementor-size-default\">CATEGOR\u00cdAS<\/h2>\t\t\t\t<\/div>\n\t\t<div class=\"elementor-element elementor-element-8e0d39a e-con-full e-flex e-con e-child\" data-id=\"8e0d39a\" data-element_type=\"container\" data-e-type=\"container\">\n\t\t\t\t<div class=\"elementor-element elementor-element-46719d6 elementor-widget__width-initial elementor-invisible elementor-widget elementor-widget-heading\" data-id=\"46719d6\" data-element_type=\"widget\" data-e-type=\"widget\" data-settings=\"{&quot;_animation&quot;:&quot;fadeInUp&quot;}\" data-widget_type=\"heading.default\">\n\t\t\t\t\t<h2 class=\"elementor-heading-title elementor-size-default\">Explorar por<span style=\"color:#3374B5\"> tema<\/span><\/h2>\t\t\t\t<\/div>\n\t\t\t\t<div class=\"elementor-element elementor-element-ef858cd elementor-view-stacked elementor-position-inline-end elementor-mobile-position-inline-end elementor-hidden-tablet elementor-hidden-mobile elementor-shape-circle elementor-invisible elementor-widget elementor-widget-icon-box\" data-id=\"ef858cd\" data-element_type=\"widget\" data-e-type=\"widget\" data-settings=\"{&quot;_animation&quot;:&quot;fadeIn&quot;,&quot;_animation_delay&quot;:150}\" data-widget_type=\"icon-box.default\">\n\t\t\t\t\t\t\t<div class=\"elementor-icon-box-wrapper\">\n\n\t\t\t\t\t\t<div class=\"elementor-icon-box-icon\">\n\t\t\t\t<a href=\"#all\" class=\"elementor-icon\" tabindex=\"-1\" aria-label=\"Todos los art\u00edculos\">\n\t\t\t\t<svg aria-hidden=\"true\" class=\"e-font-icon-svg e-fas-arrow-right\" viewBox=\"0 0 448 512\" xmlns=\"http:\/\/www.w3.org\/2000\/svg\"><path d=\"M190.5 66.9l22.2-22.2c9.4-9.4 24.6-9.4 33.9 0L441 239c9.4 9.4 9.4 24.6 0 33.9L246.6 467.3c-9.4 9.4-24.6 9.4-33.9 0l-22.2-22.2c-9.5-9.5-9.3-25 .4-34.3L311.4 296H24c-13.3 0-24-10.7-24-24v-32c0-13.3 10.7-24 24-24h287.4L190.9 101.2c-9.8-9.3-10-24.8-.4-34.3z\"><\/path><\/svg>\t\t\t\t<\/a>\n\t\t\t<\/div>\n\t\t\t\n\t\t\t\t\t\t<div class=\"elementor-icon-box-content\">\n\n\t\t\t\t\t\t\t\t\t<h3 class=\"elementor-icon-box-title\">\n\t\t\t\t\t\t<a href=\"#all\" >\n\t\t\t\t\t\t\tTodos los art\u00edculos\t\t\t\t\t\t<\/a>\n\t\t\t\t\t<\/h3>\n\t\t\t\t\n\t\t\t\t\n\t\t\t<\/div>\n\t\t\t\n\t\t<\/div>\n\t\t\t\t\t\t<\/div>\n\t\t\t\t<\/div>\n\t\t<div class=\"elementor-element elementor-element-5bec389 e-con-full e-flex e-con e-child\" data-id=\"5bec389\" data-element_type=\"container\" data-e-type=\"container\">\n\t\t<div class=\"elementor-element elementor-element-5afcaa3 e-con-full icon-switch e-flex elementor-invisible e-con e-child\" data-id=\"5afcaa3\" data-element_type=\"container\" data-e-type=\"container\" data-settings=\"{&quot;background_background&quot;:&quot;classic&quot;,&quot;background_motion_fx_motion_fx_mouse&quot;:&quot;yes&quot;,&quot;animation&quot;:&quot;fadeInUp&quot;,&quot;animation_delay&quot;:150}\">\n\t\t\t\t<div class=\"elementor-element elementor-element-2f6f780 elementor-view-stacked icon-default elementor-shape-circle elementor-widget elementor-widget-icon\" data-id=\"2f6f780\" data-element_type=\"widget\" data-e-type=\"widget\" data-widget_type=\"icon.default\">\n\t\t\t\t\t\t\t<div class=\"elementor-icon-wrapper\">\n\t\t\t<div class=\"elementor-icon\">\n\t\t\t<svg aria-hidden=\"true\" class=\"e-font-icon-svg e-fas-arrow-right\" viewBox=\"0 0 448 512\" xmlns=\"http:\/\/www.w3.org\/2000\/svg\"><path d=\"M190.5 66.9l22.2-22.2c9.4-9.4 24.6-9.4 33.9 0L441 239c9.4 9.4 9.4 24.6 0 33.9L246.6 467.3c-9.4 9.4-24.6 9.4-33.9 0l-22.2-22.2c-9.5-9.5-9.3-25 .4-34.3L311.4 296H24c-13.3 0-24-10.7-24-24v-32c0-13.3 10.7-24 24-24h287.4L190.9 101.2c-9.8-9.3-10-24.8-.4-34.3z\"><\/path><\/svg>\t\t\t<\/div>\n\t\t<\/div>\n\t\t\t\t\t\t<\/div>\n\t\t\t\t<div class=\"elementor-element elementor-element-78bddd2 elementor-view-stacked icon-hover elementor-shape-circle elementor-widget elementor-widget-icon\" data-id=\"78bddd2\" data-element_type=\"widget\" data-e-type=\"widget\" data-widget_type=\"icon.default\">\n\t\t\t\t\t\t\t<div class=\"elementor-icon-wrapper\">\n\t\t\t<div class=\"elementor-icon\">\n\t\t\t<svg aria-hidden=\"true\" class=\"e-font-icon-svg e-fas-arrow-right\" viewBox=\"0 0 448 512\" xmlns=\"http:\/\/www.w3.org\/2000\/svg\"><path d=\"M190.5 66.9l22.2-22.2c9.4-9.4 24.6-9.4 33.9 0L441 239c9.4 9.4 9.4 24.6 0 33.9L246.6 467.3c-9.4 9.4-24.6 9.4-33.9 0l-22.2-22.2c-9.5-9.5-9.3-25 .4-34.3L311.4 296H24c-13.3 0-24-10.7-24-24v-32c0-13.3 10.7-24 24-24h287.4L190.9 101.2c-9.8-9.3-10-24.8-.4-34.3z\"><\/path><\/svg>\t\t\t<\/div>\n\t\t<\/div>\n\t\t\t\t\t\t<\/div>\n\t\t\t\t<div class=\"elementor-element elementor-element-e881c3f elementor-widget elementor-widget-heading\" data-id=\"e881c3f\" data-element_type=\"widget\" data-e-type=\"widget\" data-widget_type=\"heading.default\">\n\t\t\t\t\t<h2 class=\"elementor-heading-title elementor-size-default\">Covid<\/h2>\t\t\t\t<\/div>\n\t\t\t\t<div class=\"elementor-element elementor-element-4b8f0a9 container-link elementor-widget elementor-widget-html\" data-id=\"4b8f0a9\" data-element_type=\"widget\" data-e-type=\"widget\" data-widget_type=\"html.default\">\n\t\t\t\t\t<a href=\"https:\/\/drpascalmensah.com\/es\/blog\/covid\/\" class=\"container-link\" aria-label=\"Aller vers la page X\"><\/a>\t\t\t\t<\/div>\n\t\t\t\t<\/div>\n\t\t<div class=\"elementor-element elementor-element-248cc2d e-con-full icon-switch e-flex elementor-invisible e-con e-child\" data-id=\"248cc2d\" data-element_type=\"container\" data-e-type=\"container\" data-settings=\"{&quot;background_background&quot;:&quot;classic&quot;,&quot;animation&quot;:&quot;fadeInUp&quot;,&quot;animation_delay&quot;:300}\">\n\t\t\t\t<div class=\"elementor-element elementor-element-a6c6c90 elementor-view-stacked icon-default elementor-shape-circle elementor-widget elementor-widget-icon\" data-id=\"a6c6c90\" data-element_type=\"widget\" data-e-type=\"widget\" data-widget_type=\"icon.default\">\n\t\t\t\t\t\t\t<div class=\"elementor-icon-wrapper\">\n\t\t\t<div class=\"elementor-icon\">\n\t\t\t<svg aria-hidden=\"true\" class=\"e-font-icon-svg e-fas-arrow-right\" viewBox=\"0 0 448 512\" xmlns=\"http:\/\/www.w3.org\/2000\/svg\"><path d=\"M190.5 66.9l22.2-22.2c9.4-9.4 24.6-9.4 33.9 0L441 239c9.4 9.4 9.4 24.6 0 33.9L246.6 467.3c-9.4 9.4-24.6 9.4-33.9 0l-22.2-22.2c-9.5-9.5-9.3-25 .4-34.3L311.4 296H24c-13.3 0-24-10.7-24-24v-32c0-13.3 10.7-24 24-24h287.4L190.9 101.2c-9.8-9.3-10-24.8-.4-34.3z\"><\/path><\/svg>\t\t\t<\/div>\n\t\t<\/div>\n\t\t\t\t\t\t<\/div>\n\t\t\t\t<div class=\"elementor-element elementor-element-0766462 elementor-view-stacked icon-hover elementor-shape-circle elementor-widget elementor-widget-icon\" data-id=\"0766462\" data-element_type=\"widget\" data-e-type=\"widget\" data-widget_type=\"icon.default\">\n\t\t\t\t\t\t\t<div class=\"elementor-icon-wrapper\">\n\t\t\t<div class=\"elementor-icon\">\n\t\t\t<svg aria-hidden=\"true\" class=\"e-font-icon-svg e-fas-arrow-right\" viewBox=\"0 0 448 512\" xmlns=\"http:\/\/www.w3.org\/2000\/svg\"><path d=\"M190.5 66.9l22.2-22.2c9.4-9.4 24.6-9.4 33.9 0L441 239c9.4 9.4 9.4 24.6 0 33.9L246.6 467.3c-9.4 9.4-24.6 9.4-33.9 0l-22.2-22.2c-9.5-9.5-9.3-25 .4-34.3L311.4 296H24c-13.3 0-24-10.7-24-24v-32c0-13.3 10.7-24 24-24h287.4L190.9 101.2c-9.8-9.3-10-24.8-.4-34.3z\"><\/path><\/svg>\t\t\t<\/div>\n\t\t<\/div>\n\t\t\t\t\t\t<\/div>\n\t\t\t\t<div class=\"elementor-element elementor-element-bc92f43 elementor-widget elementor-widget-heading\" data-id=\"bc92f43\" data-element_type=\"widget\" data-e-type=\"widget\" data-widget_type=\"heading.default\">\n\t\t\t\t\t<h2 class=\"elementor-heading-title elementor-size-default\">Dieta<\/h2>\t\t\t\t<\/div>\n\t\t\t\t<div class=\"elementor-element elementor-element-ae04087 container-link elementor-widget elementor-widget-html\" data-id=\"ae04087\" data-element_type=\"widget\" data-e-type=\"widget\" data-widget_type=\"html.default\">\n\t\t\t\t\t<a href=\"https:\/\/drpascalmensah.com\/es\/blog\/alimentacion\/\" class=\"container-link\" aria-label=\"Aller vers la page X\"><\/a>\t\t\t\t<\/div>\n\t\t\t\t<\/div>\n\t\t<div class=\"elementor-element elementor-element-7de6b77 e-con-full icon-switch e-flex elementor-invisible e-con e-child\" data-id=\"7de6b77\" data-element_type=\"container\" data-e-type=\"container\" data-settings=\"{&quot;background_background&quot;:&quot;classic&quot;,&quot;animation&quot;:&quot;fadeInUp&quot;,&quot;animation_delay&quot;:450}\">\n\t\t\t\t<div class=\"elementor-element elementor-element-b1e8bb9 elementor-view-stacked icon-default elementor-shape-circle elementor-widget elementor-widget-icon\" data-id=\"b1e8bb9\" data-element_type=\"widget\" data-e-type=\"widget\" data-widget_type=\"icon.default\">\n\t\t\t\t\t\t\t<div class=\"elementor-icon-wrapper\">\n\t\t\t<div class=\"elementor-icon\">\n\t\t\t<svg aria-hidden=\"true\" class=\"e-font-icon-svg e-fas-arrow-right\" viewBox=\"0 0 448 512\" xmlns=\"http:\/\/www.w3.org\/2000\/svg\"><path d=\"M190.5 66.9l22.2-22.2c9.4-9.4 24.6-9.4 33.9 0L441 239c9.4 9.4 9.4 24.6 0 33.9L246.6 467.3c-9.4 9.4-24.6 9.4-33.9 0l-22.2-22.2c-9.5-9.5-9.3-25 .4-34.3L311.4 296H24c-13.3 0-24-10.7-24-24v-32c0-13.3 10.7-24 24-24h287.4L190.9 101.2c-9.8-9.3-10-24.8-.4-34.3z\"><\/path><\/svg>\t\t\t<\/div>\n\t\t<\/div>\n\t\t\t\t\t\t<\/div>\n\t\t\t\t<div class=\"elementor-element elementor-element-a988806 elementor-view-stacked icon-hover elementor-shape-circle elementor-widget elementor-widget-icon\" data-id=\"a988806\" data-element_type=\"widget\" data-e-type=\"widget\" data-widget_type=\"icon.default\">\n\t\t\t\t\t\t\t<div class=\"elementor-icon-wrapper\">\n\t\t\t<div class=\"elementor-icon\">\n\t\t\t<svg aria-hidden=\"true\" class=\"e-font-icon-svg e-fas-arrow-right\" viewBox=\"0 0 448 512\" xmlns=\"http:\/\/www.w3.org\/2000\/svg\"><path d=\"M190.5 66.9l22.2-22.2c9.4-9.4 24.6-9.4 33.9 0L441 239c9.4 9.4 9.4 24.6 0 33.9L246.6 467.3c-9.4 9.4-24.6 9.4-33.9 0l-22.2-22.2c-9.5-9.5-9.3-25 .4-34.3L311.4 296H24c-13.3 0-24-10.7-24-24v-32c0-13.3 10.7-24 24-24h287.4L190.9 101.2c-9.8-9.3-10-24.8-.4-34.3z\"><\/path><\/svg>\t\t\t<\/div>\n\t\t<\/div>\n\t\t\t\t\t\t<\/div>\n\t\t\t\t<div class=\"elementor-element elementor-element-3bf5cbb elementor-widget elementor-widget-heading\" data-id=\"3bf5cbb\" data-element_type=\"widget\" data-e-type=\"widget\" data-widget_type=\"heading.default\">\n\t\t\t\t\t<h2 class=\"elementor-heading-title elementor-size-default\">Ejercicio<br><\/h2>\t\t\t\t<\/div>\n\t\t\t\t<div class=\"elementor-element elementor-element-264f43f container-link elementor-widget elementor-widget-html\" data-id=\"264f43f\" data-element_type=\"widget\" data-e-type=\"widget\" data-widget_type=\"html.default\">\n\t\t\t\t\t<a href=\"https:\/\/drpascalmensah.com\/es\/blog\/actividad-fisica\/\" class=\"container-link\" aria-label=\"Aller vers la page X\"><\/a>\t\t\t\t<\/div>\n\t\t\t\t<\/div>\n\t\t<div class=\"elementor-element elementor-element-74f46e5 e-con-full icon-switch e-flex elementor-invisible e-con e-child\" data-id=\"74f46e5\" data-element_type=\"container\" data-e-type=\"container\" data-settings=\"{&quot;background_background&quot;:&quot;classic&quot;,&quot;animation&quot;:&quot;fadeInUp&quot;,&quot;animation_delay&quot;:600}\">\n\t\t\t\t<div class=\"elementor-element elementor-element-55d43dc elementor-view-stacked icon-default elementor-shape-circle elementor-widget elementor-widget-icon\" data-id=\"55d43dc\" data-element_type=\"widget\" data-e-type=\"widget\" data-widget_type=\"icon.default\">\n\t\t\t\t\t\t\t<div class=\"elementor-icon-wrapper\">\n\t\t\t<div class=\"elementor-icon\">\n\t\t\t<svg aria-hidden=\"true\" class=\"e-font-icon-svg e-fas-arrow-right\" viewBox=\"0 0 448 512\" xmlns=\"http:\/\/www.w3.org\/2000\/svg\"><path d=\"M190.5 66.9l22.2-22.2c9.4-9.4 24.6-9.4 33.9 0L441 239c9.4 9.4 9.4 24.6 0 33.9L246.6 467.3c-9.4 9.4-24.6 9.4-33.9 0l-22.2-22.2c-9.5-9.5-9.3-25 .4-34.3L311.4 296H24c-13.3 0-24-10.7-24-24v-32c0-13.3 10.7-24 24-24h287.4L190.9 101.2c-9.8-9.3-10-24.8-.4-34.3z\"><\/path><\/svg>\t\t\t<\/div>\n\t\t<\/div>\n\t\t\t\t\t\t<\/div>\n\t\t\t\t<div class=\"elementor-element elementor-element-391a9a9 elementor-view-stacked icon-hover elementor-shape-circle elementor-widget elementor-widget-icon\" data-id=\"391a9a9\" data-element_type=\"widget\" data-e-type=\"widget\" data-widget_type=\"icon.default\">\n\t\t\t\t\t\t\t<div class=\"elementor-icon-wrapper\">\n\t\t\t<div class=\"elementor-icon\">\n\t\t\t<svg aria-hidden=\"true\" class=\"e-font-icon-svg e-fas-arrow-right\" viewBox=\"0 0 448 512\" xmlns=\"http:\/\/www.w3.org\/2000\/svg\"><path d=\"M190.5 66.9l22.2-22.2c9.4-9.4 24.6-9.4 33.9 0L441 239c9.4 9.4 9.4 24.6 0 33.9L246.6 467.3c-9.4 9.4-24.6 9.4-33.9 0l-22.2-22.2c-9.5-9.5-9.3-25 .4-34.3L311.4 296H24c-13.3 0-24-10.7-24-24v-32c0-13.3 10.7-24 24-24h287.4L190.9 101.2c-9.8-9.3-10-24.8-.4-34.3z\"><\/path><\/svg>\t\t\t<\/div>\n\t\t<\/div>\n\t\t\t\t\t\t<\/div>\n\t\t\t\t<div class=\"elementor-element elementor-element-e0cf023 elementor-widget elementor-widget-heading\" data-id=\"e0cf023\" data-element_type=\"widget\" data-e-type=\"widget\" data-widget_type=\"heading.default\">\n\t\t\t\t\t<h2 class=\"elementor-heading-title elementor-size-default\">Inmunolog\u00eda<\/h2>\t\t\t\t<\/div>\n\t\t\t\t<div class=\"elementor-element elementor-element-f9706f0 container-link elementor-widget elementor-widget-html\" data-id=\"f9706f0\" data-element_type=\"widget\" data-e-type=\"widget\" data-widget_type=\"html.default\">\n\t\t\t\t\t<a href=\"https:\/\/drpascalmensah.com\/es\/blog\/inmunologia\/\" class=\"container-link\" aria-label=\"Aller vers la page X\"><\/a>\t\t\t\t<\/div>\n\t\t\t\t<\/div>\n\t\t<div class=\"elementor-element elementor-element-6394c5c e-con-full icon-switch e-flex elementor-invisible e-con e-child\" data-id=\"6394c5c\" data-element_type=\"container\" data-e-type=\"container\" data-settings=\"{&quot;background_background&quot;:&quot;classic&quot;,&quot;animation&quot;:&quot;fadeInUp&quot;,&quot;animation_delay&quot;:750}\">\n\t\t\t\t<div class=\"elementor-element elementor-element-7f172ac elementor-view-stacked icon-default elementor-shape-circle elementor-widget elementor-widget-icon\" data-id=\"7f172ac\" data-element_type=\"widget\" data-e-type=\"widget\" data-widget_type=\"icon.default\">\n\t\t\t\t\t\t\t<div class=\"elementor-icon-wrapper\">\n\t\t\t<div class=\"elementor-icon\">\n\t\t\t<svg aria-hidden=\"true\" class=\"e-font-icon-svg e-fas-arrow-right\" viewBox=\"0 0 448 512\" xmlns=\"http:\/\/www.w3.org\/2000\/svg\"><path d=\"M190.5 66.9l22.2-22.2c9.4-9.4 24.6-9.4 33.9 0L441 239c9.4 9.4 9.4 24.6 0 33.9L246.6 467.3c-9.4 9.4-24.6 9.4-33.9 0l-22.2-22.2c-9.5-9.5-9.3-25 .4-34.3L311.4 296H24c-13.3 0-24-10.7-24-24v-32c0-13.3 10.7-24 24-24h287.4L190.9 101.2c-9.8-9.3-10-24.8-.4-34.3z\"><\/path><\/svg>\t\t\t<\/div>\n\t\t<\/div>\n\t\t\t\t\t\t<\/div>\n\t\t\t\t<div class=\"elementor-element elementor-element-fceac17 elementor-view-stacked icon-hover elementor-shape-circle elementor-widget elementor-widget-icon\" data-id=\"fceac17\" data-element_type=\"widget\" data-e-type=\"widget\" data-widget_type=\"icon.default\">\n\t\t\t\t\t\t\t<div class=\"elementor-icon-wrapper\">\n\t\t\t<div class=\"elementor-icon\">\n\t\t\t<svg aria-hidden=\"true\" class=\"e-font-icon-svg e-fas-arrow-right\" viewBox=\"0 0 448 512\" xmlns=\"http:\/\/www.w3.org\/2000\/svg\"><path d=\"M190.5 66.9l22.2-22.2c9.4-9.4 24.6-9.4 33.9 0L441 239c9.4 9.4 9.4 24.6 0 33.9L246.6 467.3c-9.4 9.4-24.6 9.4-33.9 0l-22.2-22.2c-9.5-9.5-9.3-25 .4-34.3L311.4 296H24c-13.3 0-24-10.7-24-24v-32c0-13.3 10.7-24 24-24h287.4L190.9 101.2c-9.8-9.3-10-24.8-.4-34.3z\"><\/path><\/svg>\t\t\t<\/div>\n\t\t<\/div>\n\t\t\t\t\t\t<\/div>\n\t\t\t\t<div class=\"elementor-element elementor-element-e416ff3 elementor-widget elementor-widget-heading\" data-id=\"e416ff3\" data-element_type=\"widget\" data-e-type=\"widget\" data-widget_type=\"heading.default\">\n\t\t\t\t\t<h2 class=\"elementor-heading-title elementor-size-default\">Mitocondrias<\/h2>\t\t\t\t<\/div>\n\t\t\t\t<div class=\"elementor-element elementor-element-a8c0fd3 container-link elementor-widget elementor-widget-html\" data-id=\"a8c0fd3\" data-element_type=\"widget\" data-e-type=\"widget\" data-widget_type=\"html.default\">\n\t\t\t\t\t<a href=\"https:\/\/drpascalmensah.com\/es\/blog\/mitocondrias\/\" class=\"container-link\" aria-label=\"Aller vers la page X\"><\/a>\t\t\t\t<\/div>\n\t\t\t\t<\/div>\n\t\t\t\t<\/div>\n\t\t\t\t<div class=\"elementor-element elementor-element-09975a6 elementor-invisible elementor-widget elementor-widget-heading\" data-id=\"09975a6\" data-element_type=\"widget\" data-e-type=\"widget\" id=\"all\" data-settings=\"{&quot;_animation&quot;:&quot;fadeInUp&quot;}\" data-widget_type=\"heading.default\">\n\t\t\t\t\t<h2 class=\"elementor-heading-title elementor-size-default\">ART\u00cdCULOS<\/h2>\t\t\t\t<\/div>\n\t\t\t\t<div class=\"elementor-element elementor-element-5a444f6 elementor-invisible elementor-widget elementor-widget-heading\" data-id=\"5a444f6\" data-element_type=\"widget\" data-e-type=\"widget\" data-settings=\"{&quot;_animation&quot;:&quot;fadeInUp&quot;}\" data-widget_type=\"heading.default\">\n\t\t\t\t\t<h2 class=\"elementor-heading-title elementor-size-default\">Todas las <span style=\"color:#3374B5\">investigaciones<\/span> &amp; <span style=\"color:#3374B5\">noticias<\/span><\/h2>\t\t\t\t<\/div>\n\t\t\t\t<div class=\"elementor-element elementor-element-197347a elementor-posts__hover-none blog-cards-custom elementor-grid-3 elementor-grid-tablet-2 elementor-grid-mobile-1 elementor-posts--thumbnail-top elementor-invisible elementor-widget elementor-widget-posts\" data-id=\"197347a\" data-element_type=\"widget\" data-e-type=\"widget\" data-settings=\"{&quot;_animation&quot;:&quot;fadeInUp&quot;,&quot;_animation_delay&quot;:150,&quot;cards_columns&quot;:&quot;3&quot;,&quot;cards_columns_tablet&quot;:&quot;2&quot;,&quot;cards_columns_mobile&quot;:&quot;1&quot;,&quot;cards_row_gap&quot;:{&quot;unit&quot;:&quot;px&quot;,&quot;size&quot;:35,&quot;sizes&quot;:[]},&quot;cards_row_gap_tablet&quot;:{&quot;unit&quot;:&quot;px&quot;,&quot;size&quot;:&quot;&quot;,&quot;sizes&quot;:[]},&quot;cards_row_gap_mobile&quot;:{&quot;unit&quot;:&quot;px&quot;,&quot;size&quot;:&quot;&quot;,&quot;sizes&quot;:[]}}\" data-widget_type=\"posts.cards\">\n\t\t\t\t<div class=\"elementor-widget-container\">\n\t\t\t\t\t\t\t<div class=\"elementor-posts-container elementor-posts elementor-posts--skin-cards elementor-grid\" role=\"list\">\n\t\t\t\t<article class=\"elementor-post elementor-grid-item post-21777 post type-post status-publish format-standard has-post-thumbnail hentry category-mitocondrias tag-bioenergetica tag-etc tag-mitocondrias tag-thermodynamics\" role=\"listitem\">\n\t\t\t<div class=\"elementor-post__card\">\n\t\t\t\t<a class=\"elementor-post__thumbnail__link\" href=\"https:\/\/drpascalmensah.com\/es\/fuerza-proton-motriz-el-motor-quimiosmotico-de-la-vida\/\" tabindex=\"-1\" ><div class=\"elementor-post__thumbnail\"><img fetchpriority=\"high\" decoding=\"async\" width=\"738\" height=\"451\" src=\"https:\/\/drpascalmensah.com\/wp-content\/uploads\/2026\/04\/Proton-Motive-Force.png\" class=\"attachment-large size-large wp-image-21827\" alt=\"\" srcset=\"https:\/\/drpascalmensah.com\/wp-content\/uploads\/2026\/04\/Proton-Motive-Force.png 738w, https:\/\/drpascalmensah.com\/wp-content\/uploads\/2026\/04\/Proton-Motive-Force-300x183.png 300w, https:\/\/drpascalmensah.com\/wp-content\/uploads\/2026\/04\/Proton-Motive-Force-600x367.png 600w\" sizes=\"(max-width: 738px) 100vw, 738px\" \/><\/div><\/a>\n\t\t\t\t<div class=\"elementor-post__badge\">Mitocondrias<\/div>\n\t\t\t\t<div class=\"elementor-post__text\">\n\t\t\t\t<h3 class=\"elementor-post__title\">\n\t\t\t<a href=\"https:\/\/drpascalmensah.com\/es\/fuerza-proton-motriz-el-motor-quimiosmotico-de-la-vida\/\" >\n\t\t\t\tFuerza Prot\u00f3n-Motriz \u2014 El motor quimiosm\u00f3tico de la vida\t\t\t<\/a>\n\t\t<\/h3>\n\t\t\t\t<div class=\"elementor-post__excerpt\">\n\t\t\t<p>\u00bfC\u00f3mo act\u00faa la fuerza prot\u00f3n-motriz (\u0394p) como intermediario electroqu\u00edmico universal de la bioenerg\u00e9tica, conectando la respiraci\u00f3n mitocondrial con la producci\u00f3n de ATP, la se\u00f1alizaci\u00f3n celular y la enfermedad?<br \/>Este cuaderno desarrolla un marco cuantitativo que integra el potencial de membrana, los gradientes de pH y las restricciones termodin\u00e1micas. <\/p>\n\t\t<\/div>\n\t\t\t\t<\/div>\n\t\t\t\t<div class=\"elementor-post__meta-data\">\n\t\t\t\t\t<span class=\"elementor-post-date\">\n\t\t\t23 de abril de 2026\t\t<\/span>\n\t\t\t\t<\/div>\n\t\t\t\t\t<\/div>\n\t\t<\/article>\n\t\t\t\t<article class=\"elementor-post elementor-grid-item post-21781 post type-post status-publish format-standard has-post-thumbnail hentry category-mitocondrias tag-bioenergetica tag-etc tag-mitocondrias tag-thermodynamics\" role=\"listitem\">\n\t\t\t<div class=\"elementor-post__card\">\n\t\t\t\t<a class=\"elementor-post__thumbnail__link\" href=\"https:\/\/drpascalmensah.com\/es\/complejo-i-de-la-energia-libre-de-los-electrones-a-la-primera-bomba-de-protones\/\" tabindex=\"-1\" ><div class=\"elementor-post__thumbnail\"><img decoding=\"async\" width=\"866\" height=\"470\" data-src=\"https:\/\/drpascalmensah.com\/wp-content\/uploads\/2026\/04\/Complexe-I.png\" class=\"attachment-large size-large wp-image-21851 lazyload\" alt=\"\" data-srcset=\"https:\/\/drpascalmensah.com\/wp-content\/uploads\/2026\/04\/Complexe-I.png 866w, https:\/\/drpascalmensah.com\/wp-content\/uploads\/2026\/04\/Complexe-I-300x163.png 300w, https:\/\/drpascalmensah.com\/wp-content\/uploads\/2026\/04\/Complexe-I-768x417.png 768w, https:\/\/drpascalmensah.com\/wp-content\/uploads\/2026\/04\/Complexe-I-600x326.png 600w\" data-sizes=\"(max-width: 866px) 100vw, 866px\" src=\"data:image\/svg+xml;base64,PHN2ZyB3aWR0aD0iMSIgaGVpZ2h0PSIxIiB4bWxucz0iaHR0cDovL3d3dy53My5vcmcvMjAwMC9zdmciPjwvc3ZnPg==\" style=\"--smush-placeholder-width: 866px; --smush-placeholder-aspect-ratio: 866\/470;\" \/><\/div><\/a>\n\t\t\t\t<div class=\"elementor-post__badge\">Mitocondrias<\/div>\n\t\t\t\t<div class=\"elementor-post__text\">\n\t\t\t\t<h3 class=\"elementor-post__title\">\n\t\t\t<a href=\"https:\/\/drpascalmensah.com\/es\/complejo-i-de-la-energia-libre-de-los-electrones-a-la-primera-bomba-de-protones\/\" >\n\t\t\t\tComplejo I \u2014 De la energ\u00eda libre de los electrones a la primera bomba de protones\t\t\t<\/a>\n\t\t<\/h3>\n\t\t\t\t<div class=\"elementor-post__excerpt\">\n\t\t\t<p>\u00bfC\u00f3mo convierte el Complejo I la energ\u00eda libre de los electrones en trabajo mec\u00e1nico para bombear el primer prot\u00f3n a trav\u00e9s de la membrana interna mitocondrial?<br \/>Este cuaderno desarrolla una comprensi\u00f3n cuantitativa y mecanicista de c\u00f3mo la energ\u00eda redox se transforma en bombeo de protones en el punto de entrada de la cadena respiratoria. <\/p>\n\t\t<\/div>\n\t\t\t\t<\/div>\n\t\t\t\t<div class=\"elementor-post__meta-data\">\n\t\t\t\t\t<span class=\"elementor-post-date\">\n\t\t\t22 de abril de 2026\t\t<\/span>\n\t\t\t\t<\/div>\n\t\t\t\t\t<\/div>\n\t\t<\/article>\n\t\t\t\t<article class=\"elementor-post elementor-grid-item post-21773 post type-post status-publish format-standard has-post-thumbnail hentry category-mitocondrias tag-bioenergetica tag-etc tag-mitocondrias tag-thermodynamics\" role=\"listitem\">\n\t\t\t<div class=\"elementor-post__card\">\n\t\t\t\t<a class=\"elementor-post__thumbnail__link\" href=\"https:\/\/drpascalmensah.com\/es\/%ce%b4%cf%88m-las-dos-caras-de-la-disfuncion-mitocondrial\/\" tabindex=\"-1\" ><div class=\"elementor-post__thumbnail\"><img decoding=\"async\" width=\"837\" height=\"480\" data-src=\"https:\/\/drpascalmensah.com\/wp-content\/uploads\/2026\/04\/Delta_Psi_m.png\" class=\"attachment-large size-large wp-image-21861 lazyload\" alt=\"\" data-srcset=\"https:\/\/drpascalmensah.com\/wp-content\/uploads\/2026\/04\/Delta_Psi_m.png 837w, https:\/\/drpascalmensah.com\/wp-content\/uploads\/2026\/04\/Delta_Psi_m-300x172.png 300w, https:\/\/drpascalmensah.com\/wp-content\/uploads\/2026\/04\/Delta_Psi_m-768x440.png 768w, https:\/\/drpascalmensah.com\/wp-content\/uploads\/2026\/04\/Delta_Psi_m-600x344.png 600w\" data-sizes=\"(max-width: 837px) 100vw, 837px\" src=\"data:image\/svg+xml;base64,PHN2ZyB3aWR0aD0iMSIgaGVpZ2h0PSIxIiB4bWxucz0iaHR0cDovL3d3dy53My5vcmcvMjAwMC9zdmciPjwvc3ZnPg==\" style=\"--smush-placeholder-width: 837px; --smush-placeholder-aspect-ratio: 837\/480;\" \/><\/div><\/a>\n\t\t\t\t<div class=\"elementor-post__badge\">Mitocondrias<\/div>\n\t\t\t\t<div class=\"elementor-post__text\">\n\t\t\t\t<h3 class=\"elementor-post__title\">\n\t\t\t<a href=\"https:\/\/drpascalmensah.com\/es\/%ce%b4%cf%88m-las-dos-caras-de-la-disfuncion-mitocondrial\/\" >\n\t\t\t\t\u0394\u03a8m \u2014 Las dos caras de la disfunci\u00f3n mitocondrial\t\t\t<\/a>\n\t\t<\/h3>\n\t\t\t\t<div class=\"elementor-post__excerpt\">\n\t\t\t<p>\u00bfC\u00f3mo puede un mismo potencial de membrana mitocondrial (\u0394\u03a8m) reflejar tanto una producci\u00f3n energ\u00e9tica \u00f3ptima como una disfunci\u00f3n grave?<br \/>Este cuaderno explica c\u00f3mo el \u0394\u03a8m emerge de los flujos bioenerg\u00e9ticos y por qu\u00e9 tanto su aumento como su colapso definen estados patol\u00f3gicos distintos que requieren estrategias terap\u00e9uticas opuestas. <\/p>\n\t\t<\/div>\n\t\t\t\t<\/div>\n\t\t\t\t<div class=\"elementor-post__meta-data\">\n\t\t\t\t\t<span class=\"elementor-post-date\">\n\t\t\t22 de abril de 2026\t\t<\/span>\n\t\t\t\t<\/div>\n\t\t\t\t\t<\/div>\n\t\t<\/article>\n\t\t\t\t<article class=\"elementor-post elementor-grid-item post-20891 post type-post status-publish format-standard has-post-thumbnail hentry category-mitocondrias tag-inmunometabolismo tag-mitocondrias tag-thermodynamics\" role=\"listitem\">\n\t\t\t<div class=\"elementor-post__card\">\n\t\t\t\t<a class=\"elementor-post__thumbnail__link\" href=\"https:\/\/drpascalmensah.com\/es\/enfermedad-eje-termodinamico\/\" tabindex=\"-1\" ><div class=\"elementor-post__thumbnail\"><img decoding=\"async\" width=\"1024\" height=\"576\" data-src=\"https:\/\/drpascalmensah.com\/wp-content\/uploads\/2026\/03\/julien-tromeur-ZMK0DU5wARA-unsplash-1024x576.jpg\" class=\"attachment-large size-large wp-image-20929 lazyload\" alt=\"Human body illustrating M1 M2 immune response metabolic trade off\" data-srcset=\"https:\/\/drpascalmensah.com\/wp-content\/uploads\/2026\/03\/julien-tromeur-ZMK0DU5wARA-unsplash-1024x576.jpg 1024w, https:\/\/drpascalmensah.com\/wp-content\/uploads\/2026\/03\/julien-tromeur-ZMK0DU5wARA-unsplash-300x169.jpg 300w, https:\/\/drpascalmensah.com\/wp-content\/uploads\/2026\/03\/julien-tromeur-ZMK0DU5wARA-unsplash-768x432.jpg 768w, https:\/\/drpascalmensah.com\/wp-content\/uploads\/2026\/03\/julien-tromeur-ZMK0DU5wARA-unsplash-1536x864.jpg 1536w, https:\/\/drpascalmensah.com\/wp-content\/uploads\/2026\/03\/julien-tromeur-ZMK0DU5wARA-unsplash-2048x1152.jpg 2048w, https:\/\/drpascalmensah.com\/wp-content\/uploads\/2026\/03\/julien-tromeur-ZMK0DU5wARA-unsplash-1320x743.jpg 1320w, https:\/\/drpascalmensah.com\/wp-content\/uploads\/2026\/03\/julien-tromeur-ZMK0DU5wARA-unsplash-600x338.jpg 600w\" data-sizes=\"(max-width: 1024px) 100vw, 1024px\" src=\"data:image\/svg+xml;base64,PHN2ZyB3aWR0aD0iMSIgaGVpZ2h0PSIxIiB4bWxucz0iaHR0cDovL3d3dy53My5vcmcvMjAwMC9zdmciPjwvc3ZnPg==\" style=\"--smush-placeholder-width: 1024px; --smush-placeholder-aspect-ratio: 1024\/576;\" \/><\/div><\/a>\n\t\t\t\t<div class=\"elementor-post__badge\">Mitocondrias<\/div>\n\t\t\t\t<div class=\"elementor-post__text\">\n\t\t\t\t<h3 class=\"elementor-post__title\">\n\t\t\t<a href=\"https:\/\/drpascalmensah.com\/es\/enfermedad-eje-termodinamico\/\" >\n\t\t\t\tEl eje termodin\u00e1mico M1\/M2: un compromiso \u00fanico a trav\u00e9s de las enfermedades\t\t\t<\/a>\n\t\t<\/h3>\n\t\t\t\t<div class=\"elementor-post__excerpt\">\n\t\t\t<p>\u00bfY si la inflamaci\u00f3n, la sepsis y la evasi\u00f3n inmunitaria del c\u00e1ncer compartieran el mismo defecto termodin\u00e1mico?<br \/>\nEste art\u00edculo explora c\u00f3mo un \u00fanico cambio bioenerg\u00e9tico en las c\u00e9lulas inmunitarias \u2014entre OXPHOS y gluc\u00f3lisis\u2014 impulsa la enfermedad en la sepsis, la artritis reumatoide y el c\u00e1ncer de pulm\u00f3n.<\/p>\n\t\t<\/div>\n\t\t\t\t<\/div>\n\t\t\t\t<div class=\"elementor-post__meta-data\">\n\t\t\t\t\t<span class=\"elementor-post-date\">\n\t\t\t31 de marzo de 2026\t\t<\/span>\n\t\t\t\t<\/div>\n\t\t\t\t\t<\/div>\n\t\t<\/article>\n\t\t\t\t<article class=\"elementor-post elementor-grid-item post-20888 post type-post status-publish format-standard has-post-thumbnail hentry category-mitocondrias tag-mitocondrias tag-neurociencia\" role=\"listitem\">\n\t\t\t<div class=\"elementor-post__card\">\n\t\t\t\t<a class=\"elementor-post__thumbnail__link\" href=\"https:\/\/drpascalmensah.com\/es\/limpieza-microcelulas-mitocondrias\/\" tabindex=\"-1\" ><div class=\"elementor-post__thumbnail\"><img decoding=\"async\" width=\"1024\" height=\"778\" data-src=\"https:\/\/drpascalmensah.com\/wp-content\/uploads\/2026\/03\/milad-fakurian-58Z17lnVS4U-unsplash-1024x778.jpg\" class=\"attachment-large size-large wp-image-20887 lazyload\" alt=\"Concepto de neuroinflamaci\u00f3n por disfunci\u00f3n mitocondrial de la microgl\u00eda cerebral\" data-srcset=\"https:\/\/drpascalmensah.com\/wp-content\/uploads\/2026\/03\/milad-fakurian-58Z17lnVS4U-unsplash-1024x778.jpg 1024w, https:\/\/drpascalmensah.com\/wp-content\/uploads\/2026\/03\/milad-fakurian-58Z17lnVS4U-unsplash-300x228.jpg 300w, https:\/\/drpascalmensah.com\/wp-content\/uploads\/2026\/03\/milad-fakurian-58Z17lnVS4U-unsplash-768x584.jpg 768w, https:\/\/drpascalmensah.com\/wp-content\/uploads\/2026\/03\/milad-fakurian-58Z17lnVS4U-unsplash-1536x1167.jpg 1536w, https:\/\/drpascalmensah.com\/wp-content\/uploads\/2026\/03\/milad-fakurian-58Z17lnVS4U-unsplash-2048x1556.jpg 2048w, https:\/\/drpascalmensah.com\/wp-content\/uploads\/2026\/03\/milad-fakurian-58Z17lnVS4U-unsplash-1320x1003.jpg 1320w, https:\/\/drpascalmensah.com\/wp-content\/uploads\/2026\/03\/milad-fakurian-58Z17lnVS4U-unsplash-600x456.jpg 600w\" data-sizes=\"(max-width: 1024px) 100vw, 1024px\" src=\"data:image\/svg+xml;base64,PHN2ZyB3aWR0aD0iMSIgaGVpZ2h0PSIxIiB4bWxucz0iaHR0cDovL3d3dy53My5vcmcvMjAwMC9zdmciPjwvc3ZnPg==\" style=\"--smush-placeholder-width: 1024px; --smush-placeholder-aspect-ratio: 1024\/778;\" \/><\/div><\/a>\n\t\t\t\t<div class=\"elementor-post__badge\">Mitocondrias<\/div>\n\t\t\t\t<div class=\"elementor-post__text\">\n\t\t\t\t<h3 class=\"elementor-post__title\">\n\t\t\t<a href=\"https:\/\/drpascalmensah.com\/es\/limpieza-microcelulas-mitocondrias\/\" >\n\t\t\t\tCuando la microgl\u00eda no puede limpiar sus mitocondrias\t\t\t<\/a>\n\t\t<\/h3>\n\t\t\t\t<div class=\"elementor-post__excerpt\">\n\t\t\t<p>\u00bfPueden las mitocondrias da\u00f1adas atrapar al cerebro en una inflamaci\u00f3n cr\u00f3nica y provocar depresi\u00f3n?<br \/>\nEste art\u00edculo explora c\u00f3mo el fallo en la comunicaci\u00f3n entre mitocondrias y lisosomas bloquea a la microgl\u00eda en un bucle inflamatorio autosostenido, y c\u00f3mo este mecanismo se conecta con la sepsis, la disfunci\u00f3n de las c\u00e9lulas T y el eje IRG1\u2013itaconato.<\/p>\n\t\t<\/div>\n\t\t\t\t<\/div>\n\t\t\t\t<div class=\"elementor-post__meta-data\">\n\t\t\t\t\t<span class=\"elementor-post-date\">\n\t\t\t31 de marzo de 2026\t\t<\/span>\n\t\t\t\t<\/div>\n\t\t\t\t\t<\/div>\n\t\t<\/article>\n\t\t\t\t<article class=\"elementor-post elementor-grid-item post-20089 post type-post status-publish format-standard has-post-thumbnail hentry category-innovacion tag-longevity\" role=\"listitem\">\n\t\t\t<div class=\"elementor-post__card\">\n\t\t\t\t<a class=\"elementor-post__thumbnail__link\" href=\"https:\/\/drpascalmensah.com\/es\/calidad-aire-interior\/\" tabindex=\"-1\" ><div class=\"elementor-post__thumbnail\"><img decoding=\"async\" width=\"1024\" height=\"576\" data-src=\"https:\/\/drpascalmensah.com\/wp-content\/uploads\/2026\/03\/recargate-bg-1024x576.jpg\" class=\"attachment-large size-large wp-image-20088 lazyload\" alt=\"Family with air purifier indoor air quality health exposome\" data-srcset=\"https:\/\/drpascalmensah.com\/wp-content\/uploads\/2026\/03\/recargate-bg-1024x576.jpg 1024w, https:\/\/drpascalmensah.com\/wp-content\/uploads\/2026\/03\/recargate-bg-300x169.jpg 300w, https:\/\/drpascalmensah.com\/wp-content\/uploads\/2026\/03\/recargate-bg-768x432.jpg 768w, https:\/\/drpascalmensah.com\/wp-content\/uploads\/2026\/03\/recargate-bg-1536x864.jpg 1536w, https:\/\/drpascalmensah.com\/wp-content\/uploads\/2026\/03\/recargate-bg-600x338.jpg 600w, https:\/\/drpascalmensah.com\/wp-content\/uploads\/2026\/03\/recargate-bg.jpg 1920w\" data-sizes=\"(max-width: 1024px) 100vw, 1024px\" src=\"data:image\/svg+xml;base64,PHN2ZyB3aWR0aD0iMSIgaGVpZ2h0PSIxIiB4bWxucz0iaHR0cDovL3d3dy53My5vcmcvMjAwMC9zdmciPjwvc3ZnPg==\" style=\"--smush-placeholder-width: 1024px; --smush-placeholder-aspect-ratio: 1024\/576;\" \/><\/div><\/a>\n\t\t\t\t<div class=\"elementor-post__badge\">Innovaci\u00f3n<\/div>\n\t\t\t\t<div class=\"elementor-post__text\">\n\t\t\t\t<h3 class=\"elementor-post__title\">\n\t\t\t<a href=\"https:\/\/drpascalmensah.com\/es\/calidad-aire-interior\/\" >\n\t\t\t\tLa capa olvidada de tu exposoma: calidad del aire interior y sus consecuencias biol\u00f3gicas\t\t\t<\/a>\n\t\t<\/h3>\n\t\t\t\t<div class=\"elementor-post__excerpt\">\n\t\t\t<p>Si podemos medir nuestros biomarcadores, la nutrici\u00f3n y el sue\u00f1o, \u00bfpor qu\u00e9 ignoramos el aire que respiramos?<br \/>\nEste art\u00edculo explora c\u00f3mo un aire no evaluado \u2014que representa el 90 % de nuestra exposici\u00f3n diaria\u2014 transmite una se\u00f1al biol\u00f3gica continua y de baja intensidad a cada c\u00e9lula del organismo.<\/p>\n\t\t<\/div>\n\t\t\t\t<\/div>\n\t\t\t\t<div class=\"elementor-post__meta-data\">\n\t\t\t\t\t<span class=\"elementor-post-date\">\n\t\t\t19 de marzo de 2026\t\t<\/span>\n\t\t\t\t<\/div>\n\t\t\t\t\t<\/div>\n\t\t<\/article>\n\t\t\t\t<article class=\"elementor-post elementor-grid-item post-19831 post type-post status-publish format-standard has-post-thumbnail hentry category-mitocondrias tag-metabolism tag-mitocondrias tag-thermodynamics\" role=\"listitem\">\n\t\t\t<div class=\"elementor-post__card\">\n\t\t\t\t<a class=\"elementor-post__thumbnail__link\" href=\"https:\/\/drpascalmensah.com\/es\/sistemas-disipativos-organismos-vivos\/\" tabindex=\"-1\" ><div class=\"elementor-post__thumbnail\"><img decoding=\"async\" width=\"612\" height=\"362\" data-src=\"https:\/\/drpascalmensah.com\/wp-content\/uploads\/2026\/03\/istockphoto-2195556244-612x612-1.webp\" class=\"attachment-large size-large wp-image-19830 lazyload\" alt=\"C\u00e9lulas como sistemas biol\u00f3gicos disipativos: concepto termodin\u00e1mico\" data-srcset=\"https:\/\/drpascalmensah.com\/wp-content\/uploads\/2026\/03\/istockphoto-2195556244-612x612-1.webp 612w, https:\/\/drpascalmensah.com\/wp-content\/uploads\/2026\/03\/istockphoto-2195556244-612x612-1-300x177.webp 300w, https:\/\/drpascalmensah.com\/wp-content\/uploads\/2026\/03\/istockphoto-2195556244-612x612-1-600x355.webp 600w\" data-sizes=\"(max-width: 612px) 100vw, 612px\" src=\"data:image\/svg+xml;base64,PHN2ZyB3aWR0aD0iMSIgaGVpZ2h0PSIxIiB4bWxucz0iaHR0cDovL3d3dy53My5vcmcvMjAwMC9zdmciPjwvc3ZnPg==\" style=\"--smush-placeholder-width: 612px; --smush-placeholder-aspect-ratio: 612\/362;\" \/><\/div><\/a>\n\t\t\t\t<div class=\"elementor-post__badge\">Mitocondrias<\/div>\n\t\t\t\t<div class=\"elementor-post__text\">\n\t\t\t\t<h3 class=\"elementor-post__title\">\n\t\t\t<a href=\"https:\/\/drpascalmensah.com\/es\/sistemas-disipativos-organismos-vivos\/\" >\n\t\t\t\tLos sistemas vivos como estructuras disipativas\t\t\t<\/a>\n\t\t<\/h3>\n\t\t\t\t<div class=\"elementor-post__excerpt\">\n\t\t\t<p>\u00bfC\u00f3mo logran los sistemas vivos mantener el orden en un universo que naturalmente tiende hacia el desorden?<br \/>\nEste art\u00edculo explora c\u00f3mo los principios de la termodin\u00e1mica explican la organizaci\u00f3n biol\u00f3gica, mostrando c\u00f3mo las c\u00e9lulas mantienen su estructura y funci\u00f3n lejos del equilibrio mediante un flujo continuo de energ\u00eda, y c\u00f3mo este marco ayuda a interpretar el metabolismo, el envejecimiento, la inflamaci\u00f3n y las enfermedades cr\u00f3nicas.<\/p>\n\t\t<\/div>\n\t\t\t\t<\/div>\n\t\t\t\t<div class=\"elementor-post__meta-data\">\n\t\t\t\t\t<span class=\"elementor-post-date\">\n\t\t\t9 de marzo de 2026\t\t<\/span>\n\t\t\t\t<\/div>\n\t\t\t\t\t<\/div>\n\t\t<\/article>\n\t\t\t\t<article class=\"elementor-post elementor-grid-item post-19671 post type-post status-publish format-standard has-post-thumbnail hentry category-mitocondrias tag-metabolism tag-mitocondrias tag-thermodynamics\" role=\"listitem\">\n\t\t\t<div class=\"elementor-post__card\">\n\t\t\t\t<a class=\"elementor-post__thumbnail__link\" href=\"https:\/\/drpascalmensah.com\/es\/termodinamica-mitocondrias\/\" tabindex=\"-1\" ><div class=\"elementor-post__thumbnail\"><img decoding=\"async\" width=\"781\" height=\"657\" data-src=\"https:\/\/drpascalmensah.com\/wp-content\/uploads\/2026\/02\/Capture-decran-2026-02-25-a-135807.png\" class=\"attachment-large size-large wp-image-19670 lazyload\" alt=\"Diagrama que relaciona la termodin\u00e1mica con la funci\u00f3n mitocondrial.\" data-srcset=\"https:\/\/drpascalmensah.com\/wp-content\/uploads\/2026\/02\/Capture-decran-2026-02-25-a-135807.png 781w, https:\/\/drpascalmensah.com\/wp-content\/uploads\/2026\/02\/Capture-decran-2026-02-25-a-135807-300x252.png 300w, https:\/\/drpascalmensah.com\/wp-content\/uploads\/2026\/02\/Capture-decran-2026-02-25-a-135807-768x646.png 768w, https:\/\/drpascalmensah.com\/wp-content\/uploads\/2026\/02\/Capture-decran-2026-02-25-a-135807-600x505.png 600w\" data-sizes=\"(max-width: 781px) 100vw, 781px\" src=\"data:image\/svg+xml;base64,PHN2ZyB3aWR0aD0iMSIgaGVpZ2h0PSIxIiB4bWxucz0iaHR0cDovL3d3dy53My5vcmcvMjAwMC9zdmciPjwvc3ZnPg==\" style=\"--smush-placeholder-width: 781px; --smush-placeholder-aspect-ratio: 781\/657;\" \/><\/div><\/a>\n\t\t\t\t<div class=\"elementor-post__badge\">Mitocondrias<\/div>\n\t\t\t\t<div class=\"elementor-post__text\">\n\t\t\t\t<h3 class=\"elementor-post__title\">\n\t\t\t<a href=\"https:\/\/drpascalmensah.com\/es\/termodinamica-mitocondrias\/\" >\n\t\t\t\tTermodin\u00e1mica y Mitocondrias\t\t\t<\/a>\n\t\t<\/h3>\n\t\t\t\t<div class=\"elementor-post__excerpt\">\n\t\t\t<p>\u00bfC\u00f3mo las leyes de la termodin\u00e1mica moldean la funci\u00f3n mitocondrial e influyen en la salud y la enfermedad?<br \/>\nEste art\u00edculo examina c\u00f3mo los principios f\u00edsicos fundamentales gobiernan la energ\u00eda celular, explicando el flujo de electrones mitocondrial, el potencial de membrana, la energ\u00eda libre y el equilibrio redox, as\u00ed como sus implicaciones en la inflamaci\u00f3n, la adaptaci\u00f3n y las enfermedades cr\u00f3nicas.<\/p>\n\t\t<\/div>\n\t\t\t\t<\/div>\n\t\t\t\t<div class=\"elementor-post__meta-data\">\n\t\t\t\t\t<span class=\"elementor-post-date\">\n\t\t\t25 de febrero de 2026\t\t<\/span>\n\t\t\t\t<\/div>\n\t\t\t\t\t<\/div>\n\t\t<\/article>\n\t\t\t\t<article class=\"elementor-post elementor-grid-item post-19341 post type-post status-publish format-standard has-post-thumbnail hentry category-mitocondrias tag-cancer tag-inmunometabolismo tag-metabolism tag-mitocondrias\" role=\"listitem\">\n\t\t\t<div class=\"elementor-post__card\">\n\t\t\t\t<a class=\"elementor-post__thumbnail__link\" href=\"https:\/\/drpascalmensah.com\/es\/mitocondria-cancer-metabolismo\/\" tabindex=\"-1\" ><div class=\"elementor-post__thumbnail\"><img decoding=\"async\" width=\"1024\" height=\"474\" data-src=\"https:\/\/drpascalmensah.com\/wp-content\/uploads\/2026\/02\/Capture-decran-2026-02-14-a-112203-1024x474.png\" class=\"attachment-large size-large wp-image-19340 lazyload\" alt=\"Funci\u00f3n de las mitocondrias en el metabolismo del c\u00e1ncer: concepto de tumorig\u00e9nesis\" data-srcset=\"https:\/\/drpascalmensah.com\/wp-content\/uploads\/2026\/02\/Capture-decran-2026-02-14-a-112203-1024x474.png 1024w, https:\/\/drpascalmensah.com\/wp-content\/uploads\/2026\/02\/Capture-decran-2026-02-14-a-112203-300x139.png 300w, https:\/\/drpascalmensah.com\/wp-content\/uploads\/2026\/02\/Capture-decran-2026-02-14-a-112203-768x356.png 768w, https:\/\/drpascalmensah.com\/wp-content\/uploads\/2026\/02\/Capture-decran-2026-02-14-a-112203-600x278.png 600w, https:\/\/drpascalmensah.com\/wp-content\/uploads\/2026\/02\/Capture-decran-2026-02-14-a-112203.png 1164w\" data-sizes=\"(max-width: 1024px) 100vw, 1024px\" src=\"data:image\/svg+xml;base64,PHN2ZyB3aWR0aD0iMSIgaGVpZ2h0PSIxIiB4bWxucz0iaHR0cDovL3d3dy53My5vcmcvMjAwMC9zdmciPjwvc3ZnPg==\" style=\"--smush-placeholder-width: 1024px; --smush-placeholder-aspect-ratio: 1024\/474;\" \/><\/div><\/a>\n\t\t\t\t<div class=\"elementor-post__badge\">Mitocondrias<\/div>\n\t\t\t\t<div class=\"elementor-post__text\">\n\t\t\t\t<h3 class=\"elementor-post__title\">\n\t\t\t<a href=\"https:\/\/drpascalmensah.com\/es\/mitocondria-cancer-metabolismo\/\" >\n\t\t\t\tTumorig\u00e9nesis impulsada por las mitocondrias: una nueva visi\u00f3n del metabolismo del c\u00e1ncer\t\t\t<\/a>\n\t\t<\/h3>\n\t\t\t\t<div class=\"elementor-post__excerpt\">\n\t\t\t<p>\u00bfSon las mitocondrias motores activos del desarrollo del c\u00e1ncer m\u00e1s que simples actores secundarios? Este art\u00edculo destaca una revisi\u00f3n cient\u00edfica que propone que la bioenerg\u00e9tica mitocondrial y la se\u00f1alizaci\u00f3n redox desempe\u00f1an un papel central en la tumorig\u00e9nesis y en las estrategias terap\u00e9uticas contra el c\u00e1ncer. <\/p>\n\t\t<\/div>\n\t\t\t\t<\/div>\n\t\t\t\t<div class=\"elementor-post__meta-data\">\n\t\t\t\t\t<span class=\"elementor-post-date\">\n\t\t\t14 de febrero de 2026\t\t<\/span>\n\t\t\t\t<\/div>\n\t\t\t\t\t<\/div>\n\t\t<\/article>\n\t\t\t\t<article class=\"elementor-post elementor-grid-item post-19249 post type-post status-publish format-standard has-post-thumbnail hentry category-dieta tag-ayuno tag-longevidad\" role=\"listitem\">\n\t\t\t<div class=\"elementor-post__card\">\n\t\t\t\t<a class=\"elementor-post__thumbnail__link\" href=\"https:\/\/drpascalmensah.com\/es\/dieta-imita-ayuno-autophagia\/\" tabindex=\"-1\" ><div class=\"elementor-post__thumbnail\"><img decoding=\"async\" width=\"950\" height=\"554\" data-src=\"https:\/\/drpascalmensah.com\/wp-content\/uploads\/2026\/02\/ProLon_ReSet_PDP_Hero_9a02e2d1-0d7a-4398-8506-cd17236db54f_960x960-e1770655102747.png\" class=\"attachment-large size-large wp-image-19248 lazyload\" alt=\"ProLon, una dieta que imita el ayuno, promueve la autofagia celular.\" data-srcset=\"https:\/\/drpascalmensah.com\/wp-content\/uploads\/2026\/02\/ProLon_ReSet_PDP_Hero_9a02e2d1-0d7a-4398-8506-cd17236db54f_960x960-e1770655102747.png 950w, https:\/\/drpascalmensah.com\/wp-content\/uploads\/2026\/02\/ProLon_ReSet_PDP_Hero_9a02e2d1-0d7a-4398-8506-cd17236db54f_960x960-e1770655102747-300x175.png 300w, https:\/\/drpascalmensah.com\/wp-content\/uploads\/2026\/02\/ProLon_ReSet_PDP_Hero_9a02e2d1-0d7a-4398-8506-cd17236db54f_960x960-e1770655102747-768x448.png 768w, https:\/\/drpascalmensah.com\/wp-content\/uploads\/2026\/02\/ProLon_ReSet_PDP_Hero_9a02e2d1-0d7a-4398-8506-cd17236db54f_960x960-e1770655102747-600x350.png 600w\" data-sizes=\"(max-width: 950px) 100vw, 950px\" src=\"data:image\/svg+xml;base64,PHN2ZyB3aWR0aD0iMSIgaGVpZ2h0PSIxIiB4bWxucz0iaHR0cDovL3d3dy53My5vcmcvMjAwMC9zdmciPjwvc3ZnPg==\" style=\"--smush-placeholder-width: 950px; --smush-placeholder-aspect-ratio: 950\/554;\" \/><\/div><\/a>\n\t\t\t\t<div class=\"elementor-post__badge\">Dieta<\/div>\n\t\t\t\t<div class=\"elementor-post__text\">\n\t\t\t\t<h3 class=\"elementor-post__title\">\n\t\t\t<a href=\"https:\/\/drpascalmensah.com\/es\/dieta-imita-ayuno-autophagia\/\" >\n\t\t\t\tDieta que imita el ayuno y \u201cautolimpieza\u201d celular en humanos\t\t\t<\/a>\n\t\t<\/h3>\n\t\t\t\t<div class=\"elementor-post__excerpt\">\n\t\t\t<p>\u00bfPuede una dieta que imita el ayuno activar la autolimpieza celular y mejorar la salud metab\u00f3lica? Este art\u00edculo explora un ensayo cl\u00ednico realizado en adultos sanos que analiza c\u00f3mo una dieta que imita el ayuno influye en la glucosa en sangre, la insulina y la autofagia, el sistema interno de reciclaje celular relacionado con el envejecimiento y las enfermedades. <\/p>\n\t\t<\/div>\n\t\t\t\t<\/div>\n\t\t\t\t<div class=\"elementor-post__meta-data\">\n\t\t\t\t\t<span class=\"elementor-post-date\">\n\t\t\t9 de febrero de 2026\t\t<\/span>\n\t\t\t\t<\/div>\n\t\t\t\t\t<\/div>\n\t\t<\/article>\n\t\t\t\t<article class=\"elementor-post elementor-grid-item post-18807 post type-post status-publish format-standard has-post-thumbnail hentry tag-envejecimiento tag-genetics tag-metabolism\" role=\"listitem\">\n\t\t\t<div class=\"elementor-post__card\">\n\t\t\t\t<a class=\"elementor-post__thumbnail__link\" href=\"https:\/\/drpascalmensah.com\/es\/herencia-vida-humana\/\" tabindex=\"-1\" ><div class=\"elementor-post__thumbnail\"><img decoding=\"async\" width=\"1024\" height=\"576\" data-src=\"https:\/\/drpascalmensah.com\/wp-content\/uploads\/2026\/02\/mjh-shikder-bJj_81Zois-unsplash-1024x576.jpg\" class=\"attachment-large size-large wp-image-18806 lazyload\" alt=\"ADN y factores gen\u00e9ticos que influyen en la heredabilidad de la esperanza de vida humana\" data-srcset=\"https:\/\/drpascalmensah.com\/wp-content\/uploads\/2026\/02\/mjh-shikder-bJj_81Zois-unsplash-1024x576.jpg 1024w, https:\/\/drpascalmensah.com\/wp-content\/uploads\/2026\/02\/mjh-shikder-bJj_81Zois-unsplash-300x169.jpg 300w, https:\/\/drpascalmensah.com\/wp-content\/uploads\/2026\/02\/mjh-shikder-bJj_81Zois-unsplash-768x432.jpg 768w, https:\/\/drpascalmensah.com\/wp-content\/uploads\/2026\/02\/mjh-shikder-bJj_81Zois-unsplash-1536x864.jpg 1536w, https:\/\/drpascalmensah.com\/wp-content\/uploads\/2026\/02\/mjh-shikder-bJj_81Zois-unsplash-2048x1152.jpg 2048w, https:\/\/drpascalmensah.com\/wp-content\/uploads\/2026\/02\/mjh-shikder-bJj_81Zois-unsplash-600x338.jpg 600w\" data-sizes=\"(max-width: 1024px) 100vw, 1024px\" src=\"data:image\/svg+xml;base64,PHN2ZyB3aWR0aD0iMSIgaGVpZ2h0PSIxIiB4bWxucz0iaHR0cDovL3d3dy53My5vcmcvMjAwMC9zdmciPjwvc3ZnPg==\" style=\"--smush-placeholder-width: 1024px; --smush-placeholder-aspect-ratio: 1024\/576;\" \/><\/div><\/a>\n\t\t\t\t<div class=\"elementor-post__text\">\n\t\t\t\t<h3 class=\"elementor-post__title\">\n\t\t\t<a href=\"https:\/\/drpascalmensah.com\/es\/herencia-vida-humana\/\" >\n\t\t\t\tHerencia de la longevidad humana intr\u00ednseca: aproximadamente 50 %\t\t\t<\/a>\n\t\t<\/h3>\n\t\t\t\t<div class=\"elementor-post__excerpt\">\n\t\t\t<p>\u00bfQu\u00e9 controla realmente la gen\u00e9tica en el envejecimiento y d\u00f3nde interviene el estilo de vida? Este art\u00edculo explora c\u00f3mo el ADN, el entorno y la prevenci\u00f3n personalizada interact\u00faan para moldear la longevidad humana. <\/p>\n\t\t<\/div>\n\t\t\t\t<\/div>\n\t\t\t\t<div class=\"elementor-post__meta-data\">\n\t\t\t\t\t<span class=\"elementor-post-date\">\n\t\t\t2 de febrero de 2026\t\t<\/span>\n\t\t\t\t<\/div>\n\t\t\t\t\t<\/div>\n\t\t<\/article>\n\t\t\t\t<article class=\"elementor-post elementor-grid-item post-18651 post type-post status-publish format-standard has-post-thumbnail hentry category-inmunologia tag-adaptacion tag-inmunidad\" role=\"listitem\">\n\t\t\t<div class=\"elementor-post__card\">\n\t\t\t\t<a class=\"elementor-post__thumbnail__link\" href=\"https:\/\/drpascalmensah.com\/es\/herencia-sistema-inmune\/\" tabindex=\"-1\" ><div class=\"elementor-post__thumbnail\"><img decoding=\"async\" width=\"1024\" height=\"622\" data-src=\"https:\/\/drpascalmensah.com\/wp-content\/uploads\/2023\/11\/Plume-15243877-1024x622.jpg\" class=\"attachment-large size-large wp-image-18139 lazyload\" alt=\"Pluma sobre el agua que ilustra el equilibrio de adaptabilidad del sistema inmunitario\" data-srcset=\"https:\/\/drpascalmensah.com\/wp-content\/uploads\/2023\/11\/Plume-15243877-1024x622.jpg 1024w, https:\/\/drpascalmensah.com\/wp-content\/uploads\/2023\/11\/Plume-15243877-300x182.jpg 300w, https:\/\/drpascalmensah.com\/wp-content\/uploads\/2023\/11\/Plume-15243877-768x467.jpg 768w, https:\/\/drpascalmensah.com\/wp-content\/uploads\/2023\/11\/Plume-15243877-1536x933.jpg 1536w, https:\/\/drpascalmensah.com\/wp-content\/uploads\/2023\/11\/Plume-15243877-2048x1244.jpg 2048w\" data-sizes=\"(max-width: 1024px) 100vw, 1024px\" src=\"data:image\/svg+xml;base64,PHN2ZyB3aWR0aD0iMSIgaGVpZ2h0PSIxIiB4bWxucz0iaHR0cDovL3d3dy53My5vcmcvMjAwMC9zdmciPjwvc3ZnPg==\" style=\"--smush-placeholder-width: 1024px; --smush-placeholder-aspect-ratio: 1024\/622;\" \/><\/div><\/a>\n\t\t\t\t<div class=\"elementor-post__badge\">Inmunolog\u00eda<\/div>\n\t\t\t\t<div class=\"elementor-post__text\">\n\t\t\t\t<h3 class=\"elementor-post__title\">\n\t\t\t<a href=\"https:\/\/drpascalmensah.com\/es\/herencia-sistema-inmune\/\" >\n\t\t\t\tComprender las respuestas hereditarias y no hereditarias de tu sistema inmunol\u00f3gico\t\t\t<\/a>\n\t\t<\/h3>\n\t\t\t\t<div class=\"elementor-post__excerpt\">\n\t\t\t<p>\u00bfC\u00f3mo se adapta tu sistema inmunol\u00f3gico a los cambios del entorno? Este art\u00edculo explica c\u00f3mo los factores no hereditarios y hereditarios influyen en las respuestas inmunitarias y ayudan a que tu cuerpo se mantenga equilibrado y saludable. <\/p>\n\t\t<\/div>\n\t\t\t\t<\/div>\n\t\t\t\t<div class=\"elementor-post__meta-data\">\n\t\t\t\t\t<span class=\"elementor-post-date\">\n\t\t\t4 de noviembre de 2023\t\t<\/span>\n\t\t\t\t<\/div>\n\t\t\t\t\t<\/div>\n\t\t<\/article>\n\t\t\t\t<article class=\"elementor-post elementor-grid-item post-18659 post type-post status-publish format-standard has-post-thumbnail hentry category-dieta tag-ayuno tag-longevidad\" role=\"listitem\">\n\t\t\t<div class=\"elementor-post__card\">\n\t\t\t\t<a class=\"elementor-post__thumbnail__link\" href=\"https:\/\/drpascalmensah.com\/es\/dieta-imita-ayuno-nacional-geografico\/\" tabindex=\"-1\" ><div class=\"elementor-post__thumbnail\"><img decoding=\"async\" width=\"1024\" height=\"769\" data-src=\"https:\/\/drpascalmensah.com\/wp-content\/uploads\/2023\/02\/pexels-mike-1192056-1024x769.jpg\" class=\"attachment-large size-large wp-image-17850 lazyload\" alt=\"Verduras que favorecen los beneficios para la salud de una dieta que imita el ayuno\" data-srcset=\"https:\/\/drpascalmensah.com\/wp-content\/uploads\/2023\/02\/pexels-mike-1192056-1024x769.jpg 1024w, https:\/\/drpascalmensah.com\/wp-content\/uploads\/2023\/02\/pexels-mike-1192056-300x225.jpg 300w, https:\/\/drpascalmensah.com\/wp-content\/uploads\/2023\/02\/pexels-mike-1192056-768x577.jpg 768w, https:\/\/drpascalmensah.com\/wp-content\/uploads\/2023\/02\/pexels-mike-1192056-1536x1153.jpg 1536w, https:\/\/drpascalmensah.com\/wp-content\/uploads\/2023\/02\/pexels-mike-1192056-2048x1538.jpg 2048w\" data-sizes=\"(max-width: 1024px) 100vw, 1024px\" src=\"data:image\/svg+xml;base64,PHN2ZyB3aWR0aD0iMSIgaGVpZ2h0PSIxIiB4bWxucz0iaHR0cDovL3d3dy53My5vcmcvMjAwMC9zdmciPjwvc3ZnPg==\" style=\"--smush-placeholder-width: 1024px; --smush-placeholder-aspect-ratio: 1024\/769;\" \/><\/div><\/a>\n\t\t\t\t<div class=\"elementor-post__badge\">Dieta<\/div>\n\t\t\t\t<div class=\"elementor-post__text\">\n\t\t\t\t<h3 class=\"elementor-post__title\">\n\t\t\t<a href=\"https:\/\/drpascalmensah.com\/es\/dieta-imita-ayuno-nacional-geografico\/\" >\n\t\t\t\tNational Geographic habla sobre la dieta que imita el ayuno\t\t\t<\/a>\n\t\t<\/h3>\n\t\t\t\t<div class=\"elementor-post__excerpt\">\n\t\t\t<p>\u00bfPuede una dieta que imita el ayuno de 5 d\u00edas mejorar la longevidad? Este art\u00edculo explica c\u00f3mo esta dieta reproduce los efectos del ayuno para apoyar la salud, bas\u00e1ndose en investigaciones cient\u00edficas y en observaciones de comunidades con muchos centenarios. <\/p>\n\t\t<\/div>\n\t\t\t\t<\/div>\n\t\t\t\t<div class=\"elementor-post__meta-data\">\n\t\t\t\t\t<span class=\"elementor-post-date\">\n\t\t\t8 de agosto de 2023\t\t<\/span>\n\t\t\t\t<\/div>\n\t\t\t\t\t<\/div>\n\t\t<\/article>\n\t\t\t\t<article class=\"elementor-post elementor-grid-item post-18666 post type-post status-publish format-standard has-post-thumbnail hentry category-dieta category-inmunologia tag-cancer tag-inmunidad\" role=\"listitem\">\n\t\t\t<div class=\"elementor-post__card\">\n\t\t\t\t<a class=\"elementor-post__thumbnail__link\" href=\"https:\/\/drpascalmensah.com\/es\/efectos-ginseng\/\" tabindex=\"-1\" ><div class=\"elementor-post__thumbnail\"><img decoding=\"async\" width=\"1024\" height=\"683\" data-src=\"https:\/\/drpascalmensah.com\/wp-content\/uploads\/2023\/04\/ginseng-dried-vegetable-herb-healthy-food-famous-export-food-in-korea-country-free-photo-1024x683.jpg\" class=\"attachment-large size-large wp-image-17851 lazyload\" alt=\"La ra\u00edz de ginseng favorece la funci\u00f3n inmunol\u00f3gica y la vitalidad.\" data-srcset=\"https:\/\/drpascalmensah.com\/wp-content\/uploads\/2023\/04\/ginseng-dried-vegetable-herb-healthy-food-famous-export-food-in-korea-country-free-photo-1024x683.jpg 1024w, https:\/\/drpascalmensah.com\/wp-content\/uploads\/2023\/04\/ginseng-dried-vegetable-herb-healthy-food-famous-export-food-in-korea-country-free-photo-300x200.jpg 300w, https:\/\/drpascalmensah.com\/wp-content\/uploads\/2023\/04\/ginseng-dried-vegetable-herb-healthy-food-famous-export-food-in-korea-country-free-photo-768x512.jpg 768w, https:\/\/drpascalmensah.com\/wp-content\/uploads\/2023\/04\/ginseng-dried-vegetable-herb-healthy-food-famous-export-food-in-korea-country-free-photo-1536x1024.jpg 1536w, https:\/\/drpascalmensah.com\/wp-content\/uploads\/2023\/04\/ginseng-dried-vegetable-herb-healthy-food-famous-export-food-in-korea-country-free-photo-2048x1365.jpg 2048w\" data-sizes=\"(max-width: 1024px) 100vw, 1024px\" src=\"data:image\/svg+xml;base64,PHN2ZyB3aWR0aD0iMSIgaGVpZ2h0PSIxIiB4bWxucz0iaHR0cDovL3d3dy53My5vcmcvMjAwMC9zdmciPjwvc3ZnPg==\" style=\"--smush-placeholder-width: 1024px; --smush-placeholder-aspect-ratio: 1024\/683;\" \/><\/div><\/a>\n\t\t\t\t<div class=\"elementor-post__badge\">Dieta<\/div>\n\t\t\t\t<div class=\"elementor-post__text\">\n\t\t\t\t<h3 class=\"elementor-post__title\">\n\t\t\t<a href=\"https:\/\/drpascalmensah.com\/es\/efectos-ginseng\/\" >\n\t\t\t\tEfectos del ginseng\t\t\t<\/a>\n\t\t<\/h3>\n\t\t\t\t<div class=\"elementor-post__excerpt\">\n\t\t\t<p>\u00bfPuede el Panax ginseng reducir la inflamaci\u00f3n y proteger el sistema inmunol\u00f3gico? Este art\u00edculo analiza c\u00f3mo los ginsen\u00f3sidos, los compuestos activos del ginseng, act\u00faan sobre v\u00edas clave para apoyar la salud y podr\u00edan ayudar a prevenir ciertas enfermedades cr\u00f3nicas. <\/p>\n\t\t<\/div>\n\t\t\t\t<\/div>\n\t\t\t\t<div class=\"elementor-post__meta-data\">\n\t\t\t\t\t<span class=\"elementor-post-date\">\n\t\t\t24 de abril de 2023\t\t<\/span>\n\t\t\t\t<\/div>\n\t\t\t\t\t<\/div>\n\t\t<\/article>\n\t\t\t\t<article class=\"elementor-post elementor-grid-item post-18672 post type-post status-publish format-standard has-post-thumbnail hentry category-ejercicio tag-ejercicio tag-envejecimiento tag-neurociencia\" role=\"listitem\">\n\t\t\t<div class=\"elementor-post__card\">\n\t\t\t\t<a class=\"elementor-post__thumbnail__link\" href=\"https:\/\/drpascalmensah.com\/es\/ejercicio-personas-mayores\/\" tabindex=\"-1\" ><div class=\"elementor-post__thumbnail\"><img decoding=\"async\" width=\"950\" height=\"648\" data-src=\"https:\/\/drpascalmensah.com\/wp-content\/uploads\/2023\/03\/Image-from-Which-exercises-might-reduce-pro-inflammatory-and-enhance-anti-inflammatory-cytokines-in-o-page-1.png\" class=\"attachment-large size-large wp-image-17818 lazyload\" alt=\"Los adultos mayores hacen ejercicio para mejorar su salud inmunol\u00f3gica y su longevidad.\" data-srcset=\"https:\/\/drpascalmensah.com\/wp-content\/uploads\/2023\/03\/Image-from-Which-exercises-might-reduce-pro-inflammatory-and-enhance-anti-inflammatory-cytokines-in-o-page-1.png 950w, https:\/\/drpascalmensah.com\/wp-content\/uploads\/2023\/03\/Image-from-Which-exercises-might-reduce-pro-inflammatory-and-enhance-anti-inflammatory-cytokines-in-o-page-1-300x205.png 300w, https:\/\/drpascalmensah.com\/wp-content\/uploads\/2023\/03\/Image-from-Which-exercises-might-reduce-pro-inflammatory-and-enhance-anti-inflammatory-cytokines-in-o-page-1-768x524.png 768w\" data-sizes=\"(max-width: 950px) 100vw, 950px\" src=\"data:image\/svg+xml;base64,PHN2ZyB3aWR0aD0iMSIgaGVpZ2h0PSIxIiB4bWxucz0iaHR0cDovL3d3dy53My5vcmcvMjAwMC9zdmciPjwvc3ZnPg==\" style=\"--smush-placeholder-width: 950px; --smush-placeholder-aspect-ratio: 950\/648;\" \/><\/div><\/a>\n\t\t\t\t<div class=\"elementor-post__badge\">Ejercicio<\/div>\n\t\t\t\t<div class=\"elementor-post__text\">\n\t\t\t\t<h3 class=\"elementor-post__title\">\n\t\t\t<a href=\"https:\/\/drpascalmensah.com\/es\/ejercicio-personas-mayores\/\" >\n\t\t\t\tEjercicio y personas mayores\t\t\t<\/a>\n\t\t<\/h3>\n\t\t\t\t<div class=\"elementor-post__excerpt\">\n\t\t\t<p>\u00bfPuede el ejercicio regular proteger el cerebro a medida que envejecemos? Este art\u00edculo revisa c\u00f3mo la actividad f\u00edsica cr\u00f3nica puede reducir la inflamaci\u00f3n y apoyar la salud cognitiva en personas con deterioro cognitivo leve o enfermedad de Alzheimer. <\/p>\n\t\t<\/div>\n\t\t\t\t<\/div>\n\t\t\t\t<div class=\"elementor-post__meta-data\">\n\t\t\t\t\t<span class=\"elementor-post-date\">\n\t\t\t23 de marzo de 2023\t\t<\/span>\n\t\t\t\t<\/div>\n\t\t\t\t\t<\/div>\n\t\t<\/article>\n\t\t\t\t<article class=\"elementor-post elementor-grid-item post-18678 post type-post status-publish format-standard has-post-thumbnail hentry category-dieta tag-ayuno tag-longevidad\" role=\"listitem\">\n\t\t\t<div class=\"elementor-post__card\">\n\t\t\t\t<a class=\"elementor-post__thumbnail__link\" href=\"https:\/\/drpascalmensah.com\/es\/5-dias-dieta-imita-ayuno\/\" tabindex=\"-1\" ><div class=\"elementor-post__thumbnail\"><img decoding=\"async\" width=\"1024\" height=\"683\" data-src=\"https:\/\/drpascalmensah.com\/wp-content\/uploads\/2023\/02\/\u200eProlon-Image.\u200e001-e1765381207137-1024x683.jpeg\" class=\"attachment-large size-large wp-image-17825 lazyload\" alt=\"ProLon, una dieta que imita el ayuno y favorece la renovaci\u00f3n celular.\" data-srcset=\"https:\/\/drpascalmensah.com\/wp-content\/uploads\/2023\/02\/\u200eProlon-Image.\u200e001-e1765381207137-1024x683.jpeg 1024w, https:\/\/drpascalmensah.com\/wp-content\/uploads\/2023\/02\/\u200eProlon-Image.\u200e001-e1765381207137-300x200.jpeg 300w, https:\/\/drpascalmensah.com\/wp-content\/uploads\/2023\/02\/\u200eProlon-Image.\u200e001-e1765381207137-768x512.jpeg 768w, https:\/\/drpascalmensah.com\/wp-content\/uploads\/2023\/02\/\u200eProlon-Image.\u200e001-e1765381207137-1536x1024.jpeg 1536w, https:\/\/drpascalmensah.com\/wp-content\/uploads\/2023\/02\/\u200eProlon-Image.\u200e001-e1765381207137.jpeg 1620w\" data-sizes=\"(max-width: 1024px) 100vw, 1024px\" src=\"data:image\/svg+xml;base64,PHN2ZyB3aWR0aD0iMSIgaGVpZ2h0PSIxIiB4bWxucz0iaHR0cDovL3d3dy53My5vcmcvMjAwMC9zdmciPjwvc3ZnPg==\" style=\"--smush-placeholder-width: 1024px; --smush-placeholder-aspect-ratio: 1024\/683;\" \/><\/div><\/a>\n\t\t\t\t<div class=\"elementor-post__badge\">Dieta<\/div>\n\t\t\t\t<div class=\"elementor-post__text\">\n\t\t\t\t<h3 class=\"elementor-post__title\">\n\t\t\t<a href=\"https:\/\/drpascalmensah.com\/es\/5-dias-dieta-imita-ayuno\/\" >\n\t\t\t\tUn plan de ayuno mim\u00e9tico de 5 d\u00edas, sencillo y eficaz\t\t\t<\/a>\n\t\t<\/h3>\n\t\t\t\t<div class=\"elementor-post__excerpt\">\n\t\t\t<p>\u00bfPuede una dieta que imita el ayuno de 5 d\u00edas mejorar tu salud y longevidad? Este art\u00edculo explica c\u00f3mo el programa ProLon favorece la regeneraci\u00f3n celular, reduce la inflamaci\u00f3n y promueve un envejecimiento saludable, sin necesidad de ayuno extremo. <\/p>\n\t\t<\/div>\n\t\t\t\t<\/div>\n\t\t\t\t<div class=\"elementor-post__meta-data\">\n\t\t\t\t\t<span class=\"elementor-post-date\">\n\t\t\t19 de febrero de 2023\t\t<\/span>\n\t\t\t\t<\/div>\n\t\t\t\t\t<\/div>\n\t\t<\/article>\n\t\t\t\t<article class=\"elementor-post elementor-grid-item post-18682 post type-post status-publish format-standard has-post-thumbnail hentry category-inmunologia tag-envejecimiento tag-inmunidad tag-inmunologia\" role=\"listitem\">\n\t\t\t<div class=\"elementor-post__card\">\n\t\t\t\t<a class=\"elementor-post__thumbnail__link\" href=\"https:\/\/drpascalmensah.com\/es\/inmunosenescencia\/\" tabindex=\"-1\" ><div class=\"elementor-post__thumbnail\"><img decoding=\"async\" width=\"834\" height=\"557\" data-src=\"https:\/\/drpascalmensah.com\/wp-content\/uploads\/2023\/02\/graphic-cellular-senescence-process.jpeg\" class=\"attachment-large size-large wp-image-18187 lazyload\" alt=\"Diagrama de inmunosenescencia: envejecimiento y deterioro del sistema inmunitario\" data-srcset=\"https:\/\/drpascalmensah.com\/wp-content\/uploads\/2023\/02\/graphic-cellular-senescence-process.jpeg 834w, https:\/\/drpascalmensah.com\/wp-content\/uploads\/2023\/02\/graphic-cellular-senescence-process-300x200.jpeg 300w, https:\/\/drpascalmensah.com\/wp-content\/uploads\/2023\/02\/graphic-cellular-senescence-process-768x513.jpeg 768w\" data-sizes=\"(max-width: 834px) 100vw, 834px\" src=\"data:image\/svg+xml;base64,PHN2ZyB3aWR0aD0iMSIgaGVpZ2h0PSIxIiB4bWxucz0iaHR0cDovL3d3dy53My5vcmcvMjAwMC9zdmciPjwvc3ZnPg==\" style=\"--smush-placeholder-width: 834px; --smush-placeholder-aspect-ratio: 834\/557;\" \/><\/div><\/a>\n\t\t\t\t<div class=\"elementor-post__badge\">Inmunolog\u00eda<\/div>\n\t\t\t\t<div class=\"elementor-post__text\">\n\t\t\t\t<h3 class=\"elementor-post__title\">\n\t\t\t<a href=\"https:\/\/drpascalmensah.com\/es\/inmunosenescencia\/\" >\n\t\t\t\tInmunosenescencia\t\t\t<\/a>\n\t\t<\/h3>\n\t\t\t\t<div class=\"elementor-post__excerpt\">\n\t\t\t<p>\u00bfEl envejecimiento debilita inevitablemente el sistema inmunol\u00f3gico? Este art\u00edculo explora qu\u00e9 es realmente la inmunosenescencia, separa los mitos de la ciencia y explica c\u00f3mo las elecciones de estilo de vida pueden ayudar a mantener la salud inmunol\u00f3gica con la edad. <\/p>\n\t\t<\/div>\n\t\t\t\t<\/div>\n\t\t\t\t<div class=\"elementor-post__meta-data\">\n\t\t\t\t\t<span class=\"elementor-post-date\">\n\t\t\t17 de febrero de 2023\t\t<\/span>\n\t\t\t\t<\/div>\n\t\t\t\t\t<\/div>\n\t\t<\/article>\n\t\t\t\t<article class=\"elementor-post elementor-grid-item post-18686 post type-post status-publish format-standard has-post-thumbnail hentry category-inmunologia tag-adaptacion tag-inmunidad\" role=\"listitem\">\n\t\t\t<div class=\"elementor-post__card\">\n\t\t\t\t<a class=\"elementor-post__thumbnail__link\" href=\"https:\/\/drpascalmensah.com\/es\/adaptacion-sistema-inmunologico\/\" tabindex=\"-1\" ><div class=\"elementor-post__thumbnail\"><img decoding=\"async\" width=\"1024\" height=\"576\" data-src=\"https:\/\/drpascalmensah.com\/wp-content\/uploads\/2023\/02\/Immunometabolism-Presentation.001-1024x576.jpeg\" class=\"attachment-large size-large wp-image-18205 lazyload\" alt=\"El camale\u00f3n simboliza la adaptaci\u00f3n y la resistencia del sistema inmunitario.\" data-srcset=\"https:\/\/drpascalmensah.com\/wp-content\/uploads\/2023\/02\/Immunometabolism-Presentation.001-1024x576.jpeg 1024w, https:\/\/drpascalmensah.com\/wp-content\/uploads\/2023\/02\/Immunometabolism-Presentation.001-300x169.jpeg 300w, https:\/\/drpascalmensah.com\/wp-content\/uploads\/2023\/02\/Immunometabolism-Presentation.001-768x432.jpeg 768w, https:\/\/drpascalmensah.com\/wp-content\/uploads\/2023\/02\/Immunometabolism-Presentation.001-1536x864.jpeg 1536w, https:\/\/drpascalmensah.com\/wp-content\/uploads\/2023\/02\/Immunometabolism-Presentation.001.jpeg 1920w\" data-sizes=\"(max-width: 1024px) 100vw, 1024px\" src=\"data:image\/svg+xml;base64,PHN2ZyB3aWR0aD0iMSIgaGVpZ2h0PSIxIiB4bWxucz0iaHR0cDovL3d3dy53My5vcmcvMjAwMC9zdmciPjwvc3ZnPg==\" style=\"--smush-placeholder-width: 1024px; --smush-placeholder-aspect-ratio: 1024\/576;\" \/><\/div><\/a>\n\t\t\t\t<div class=\"elementor-post__badge\">Inmunolog\u00eda<\/div>\n\t\t\t\t<div class=\"elementor-post__text\">\n\t\t\t\t<h3 class=\"elementor-post__title\">\n\t\t\t<a href=\"https:\/\/drpascalmensah.com\/es\/adaptacion-sistema-inmunologico\/\" >\n\t\t\t\tTu sistema inmunol\u00f3gico es la clave de la adaptaci\u00f3n\t\t\t<\/a>\n\t\t<\/h3>\n\t\t\t\t<div class=\"elementor-post__excerpt\">\n\t\t\t<p>\u00bfC\u00f3mo te ayuda tu sistema inmunol\u00f3gico a adaptarte a tu entorno? Este art\u00edculo explica c\u00f3mo la inmunidad ha evolucionado para mantener el equilibrio, proteger frente a las amenazas y favorecer la salud a largo plazo mediante la adaptaci\u00f3n. <\/p>\n\t\t<\/div>\n\t\t\t\t<\/div>\n\t\t\t\t<div class=\"elementor-post__meta-data\">\n\t\t\t\t\t<span class=\"elementor-post-date\">\n\t\t\t2 de febrero de 2023\t\t<\/span>\n\t\t\t\t<\/div>\n\t\t\t\t\t<\/div>\n\t\t<\/article>\n\t\t\t\t<article class=\"elementor-post elementor-grid-item post-18690 post type-post status-publish format-standard has-post-thumbnail hentry category-covid tag-inmunidad tag-inmunologia tag-metabolism\" role=\"listitem\">\n\t\t\t<div class=\"elementor-post__card\">\n\t\t\t\t<a class=\"elementor-post__thumbnail__link\" href=\"https:\/\/drpascalmensah.com\/es\/covid-prolongado\/\" tabindex=\"-1\" ><div class=\"elementor-post__thumbnail\"><img decoding=\"async\" width=\"1024\" height=\"550\" data-src=\"https:\/\/drpascalmensah.com\/wp-content\/uploads\/2023\/01\/covid-19-virus-coronavirus-4960254-1024x550.png\" class=\"attachment-large size-large wp-image-18199 lazyload\" alt=\"Concepto de firma inmunitaria inflamatoria de COVID persistente\" data-srcset=\"https:\/\/drpascalmensah.com\/wp-content\/uploads\/2023\/01\/covid-19-virus-coronavirus-4960254-1024x550.png 1024w, https:\/\/drpascalmensah.com\/wp-content\/uploads\/2023\/01\/covid-19-virus-coronavirus-4960254-300x161.png 300w, https:\/\/drpascalmensah.com\/wp-content\/uploads\/2023\/01\/covid-19-virus-coronavirus-4960254-768x413.png 768w, https:\/\/drpascalmensah.com\/wp-content\/uploads\/2023\/01\/covid-19-virus-coronavirus-4960254.png 1280w\" data-sizes=\"(max-width: 1024px) 100vw, 1024px\" src=\"data:image\/svg+xml;base64,PHN2ZyB3aWR0aD0iMSIgaGVpZ2h0PSIxIiB4bWxucz0iaHR0cDovL3d3dy53My5vcmcvMjAwMC9zdmciPjwvc3ZnPg==\" style=\"--smush-placeholder-width: 1024px; --smush-placeholder-aspect-ratio: 1024\/550;\" \/><\/div><\/a>\n\t\t\t\t<div class=\"elementor-post__badge\">Covid<\/div>\n\t\t\t\t<div class=\"elementor-post__text\">\n\t\t\t\t<h3 class=\"elementor-post__title\">\n\t\t\t<a href=\"https:\/\/drpascalmensah.com\/es\/covid-prolongado\/\" >\n\t\t\t\tCOVID prolongado: una firma inmunitaria antiinflamatoria basada en un enfoque multi-\u00f3mico\t\t\t<\/a>\n\t\t<\/h3>\n\t\t\t\t<div class=\"elementor-post__excerpt\">\n\t\t\t<p>\u00bfEl COVID prolongado implica supresi\u00f3n inmunol\u00f3gica en lugar de inflamaci\u00f3n cr\u00f3nica? Este art\u00edculo analiza c\u00f3mo la investigaci\u00f3n multi-\u00f3mica revela una firma inmunitaria antiinflamatoria espec\u00edfica, que podr\u00eda mejorar el diagn\u00f3stico y seguimiento de los pacientes. <\/p>\n\t\t<\/div>\n\t\t\t\t<\/div>\n\t\t\t\t<div class=\"elementor-post__meta-data\">\n\t\t\t\t\t<span class=\"elementor-post-date\">\n\t\t\t24 de enero de 2023\t\t<\/span>\n\t\t\t\t<\/div>\n\t\t\t\t\t<\/div>\n\t\t<\/article>\n\t\t\t\t<article class=\"elementor-post elementor-grid-item post-18194 post type-post status-publish format-standard has-post-thumbnail hentry category-dieta tag-estilo-de-vida tag-inmunidad\" role=\"listitem\">\n\t\t\t<div class=\"elementor-post__card\">\n\t\t\t\t<a class=\"elementor-post__thumbnail__link\" href=\"https:\/\/drpascalmensah.com\/es\/domina-sistema-inmunologico\/\" tabindex=\"-1\" ><div class=\"elementor-post__thumbnail\"><img decoding=\"async\" width=\"1024\" height=\"576\" data-src=\"https:\/\/drpascalmensah.com\/wp-content\/uploads\/2022\/10\/Immunometabolism-picture.001-1024x576.jpeg\" class=\"attachment-large size-large wp-image-18193 lazyload\" alt=\"El halc\u00f3n simboliza un sistema inmunol\u00f3gico fuerte y resistente.\" data-srcset=\"https:\/\/drpascalmensah.com\/wp-content\/uploads\/2022\/10\/Immunometabolism-picture.001-1024x576.jpeg 1024w, https:\/\/drpascalmensah.com\/wp-content\/uploads\/2022\/10\/Immunometabolism-picture.001-300x169.jpeg 300w, https:\/\/drpascalmensah.com\/wp-content\/uploads\/2022\/10\/Immunometabolism-picture.001-768x432.jpeg 768w, https:\/\/drpascalmensah.com\/wp-content\/uploads\/2022\/10\/Immunometabolism-picture.001-1536x864.jpeg 1536w, https:\/\/drpascalmensah.com\/wp-content\/uploads\/2022\/10\/Immunometabolism-picture.001.jpeg 1920w\" data-sizes=\"(max-width: 1024px) 100vw, 1024px\" src=\"data:image\/svg+xml;base64,PHN2ZyB3aWR0aD0iMSIgaGVpZ2h0PSIxIiB4bWxucz0iaHR0cDovL3d3dy53My5vcmcvMjAwMC9zdmciPjwvc3ZnPg==\" style=\"--smush-placeholder-width: 1024px; --smush-placeholder-aspect-ratio: 1024\/576;\" \/><\/div><\/a>\n\t\t\t\t<div class=\"elementor-post__badge\">Dieta<\/div>\n\t\t\t\t<div class=\"elementor-post__text\">\n\t\t\t\t<h3 class=\"elementor-post__title\">\n\t\t\t<a href=\"https:\/\/drpascalmensah.com\/es\/domina-sistema-inmunologico\/\" >\n\t\t\t\tDomina tu sistema inmunol\u00f3gico\t\t\t<\/a>\n\t\t<\/h3>\n\t\t\t\t<div class=\"elementor-post__excerpt\">\n\t\t\t<p>\u00bfC\u00f3mo aprovechar tu sistema inmunol\u00f3gico para mejorar tu salud? Este art\u00edculo explica c\u00f3mo factores del estilo de vida, como la dieta, el sue\u00f1o, el ejercicio y la suplementaci\u00f3n, ayudan a mantener el equilibrio y optimizar la funci\u00f3n inmunol\u00f3gica. <\/p>\n\t\t<\/div>\n\t\t\t\t<\/div>\n\t\t\t\t<div class=\"elementor-post__meta-data\">\n\t\t\t\t\t<span class=\"elementor-post-date\">\n\t\t\t18 de octubre de 2022\t\t<\/span>\n\t\t\t\t<\/div>\n\t\t\t\t\t<\/div>\n\t\t<\/article>\n\t\t\t\t<\/div>\n\t\t\n\t\t\t\t\t\t<\/div>\n\t\t\t\t<\/div>\n\t\t\t\t\t<\/div>\n\t\t\t\t<\/div>\n\t\t\t\t<\/div>\n\t\t","protected":false},"excerpt":{"rendered":"<p>BLOG Novedades e Investigaci\u00f3n Inmunol\u00f3gica \u00a1Explora las infinitas posibilidades del inmunometabolismo y potencia tu camino hacia la salud \u00f3ptima! Nuestro blog es tu puerta de entrada para descubrir las investigaciones m\u00e1s recientes sobre la poderosa sinergia entre nutrici\u00f3n e inmunidad. \u00danete a nosotros para descubrir el potencial transformador de la medicina traslacional. \u00a1Emprendamos juntos este [&hellip;]<\/p>\n","protected":false},"author":207,"featured_media":0,"parent":0,"menu_order":0,"comment_status":"closed","ping_status":"closed","template":"elementor_header_footer","meta":{"site-sidebar-layout":"default","site-content-layout":"","ast-site-content-layout":"default","site-content-style":"default","site-sidebar-style":"default","ast-global-header-display":"","ast-banner-title-visibility":"","ast-main-header-display":"","ast-hfb-above-header-display":"","ast-hfb-below-header-display":"","ast-hfb-mobile-header-display":"","site-post-title":"","ast-breadcrumbs-content":"","ast-featured-img":"","footer-sml-layout":"","ast-disable-related-posts":"","theme-transparent-header-meta":"","adv-header-id-meta":"","stick-header-meta":"","header-above-stick-meta":"","header-main-stick-meta":"","header-below-stick-meta":"","astra-migrate-meta-layouts":"set","ast-page-background-enabled":"default","ast-page-background-meta":{"desktop":{"background-color":"var(--ast-global-color-4)","background-image":"","background-repeat":"repeat","background-position":"center center","background-size":"auto","background-attachment":"scroll","background-type":"","background-media":"","overlay-type":"","overlay-color":"","overlay-opacity":"","overlay-gradient":""},"tablet":{"background-color":"","background-image":"","background-repeat":"repeat","background-position":"center center","background-size":"auto","background-attachment":"scroll","background-type":"","background-media":"","overlay-type":"","overlay-color":"","overlay-opacity":"","overlay-gradient":""},"mobile":{"background-color":"","background-image":"","background-repeat":"repeat","background-position":"center center","background-size":"auto","background-attachment":"scroll","background-type":"","background-media":"","overlay-type":"","overlay-color":"","overlay-opacity":"","overlay-gradient":""}},"ast-content-background-meta":{"desktop":{"background-color":"var(--ast-global-color-5)","background-image":"","background-repeat":"repeat","background-position":"center center","background-size":"auto","background-attachment":"scroll","background-type":"","background-media":"","overlay-type":"","overlay-color":"","overlay-opacity":"","overlay-gradient":""},"tablet":{"background-color":"var(--ast-global-color-5)","background-image":"","background-repeat":"repeat","background-position":"center center","background-size":"auto","background-attachment":"scroll","background-type":"","background-media":"","overlay-type":"","overlay-color":"","overlay-opacity":"","overlay-gradient":""},"mobile":{"background-color":"var(--ast-global-color-5)","background-image":"","background-repeat":"repeat","background-position":"center center","background-size":"auto","background-attachment":"scroll","background-type":"","background-media":"","overlay-type":"","overlay-color":"","overlay-opacity":"","overlay-gradient":""}},"footnotes":""},"class_list":["post-17931","page","type-page","status-publish","hentry"],"aioseo_notices":[],"_links":{"self":[{"href":"https:\/\/drpascalmensah.com\/es\/wp-json\/wp\/v2\/pages\/17931","targetHints":{"allow":["GET"]}}],"collection":[{"href":"https:\/\/drpascalmensah.com\/es\/wp-json\/wp\/v2\/pages"}],"about":[{"href":"https:\/\/drpascalmensah.com\/es\/wp-json\/wp\/v2\/types\/page"}],"author":[{"embeddable":true,"href":"https:\/\/drpascalmensah.com\/es\/wp-json\/wp\/v2\/users\/207"}],"replies":[{"embeddable":true,"href":"https:\/\/drpascalmensah.com\/es\/wp-json\/wp\/v2\/comments?post=17931"}],"version-history":[{"count":15,"href":"https:\/\/drpascalmensah.com\/es\/wp-json\/wp\/v2\/pages\/17931\/revisions"}],"predecessor-version":[{"id":21555,"href":"https:\/\/drpascalmensah.com\/es\/wp-json\/wp\/v2\/pages\/17931\/revisions\/21555"}],"wp:attachment":[{"href":"https:\/\/drpascalmensah.com\/es\/wp-json\/wp\/v2\/media?parent=17931"}],"curies":[{"name":"wp","href":"https:\/\/api.w.org\/{rel}","templated":true}]}}